{"id":33113,"date":"2021-12-13T15:52:26","date_gmt":"2021-12-13T14:52:26","guid":{"rendered":"https:\/\/cb.agencegazelle.com\/produit\/serum-correcteur-anti-cernes\/"},"modified":"2026-03-03T09:01:05","modified_gmt":"2026-03-03T08:01:05","slug":"dark-undereye-corrector-serum","status":"publish","type":"product","link":"https:\/\/www.christian-breton.fr\/de\/produit\/dark-undereye-corrector-serum\/","title":{"rendered":"DARK UNDEREYE CORRECTOR SERUM"},"content":{"rendered":"[vc_row disable_element=\u201dyes\u201d][vc_column][vc_single_image image=\u201d30617\u2033 img_size=\u201d2770\u00d7217\u2033 alignment=\u201dcenter\u201d el_class=\u201dgzl-product-specs-desktop\u201d][vc_single_image image=\u201d30622\u2033 img_size=\u201d598\u00d7222\u2033 alignment=\u201dcenter\u201d el_class=\u201dgzl-product-specs-mobile\u201d][\/vc_column][\/vc_row][vc_row][vc_column][vc_column_text el_class=\u201dgzl-product-intro\u201d]\n<h3>Reduziert Augenschatten<\/h3>\n<p>Dunkle Ringe und Tr\u00e4nens\u00e4cke unter den Augen sind ein weit verbreitetes Problem. Das Dark Undereye Corrector Serum gibt der Augenpartie ihren Glanz und ihre Leuchtkraft zur\u00fcck. Abh\u00e4ngig von den Augenringen sollte diese Behandlung regelm\u00e4\u00dfig \u00fcber einen Zeitraum von 8 bis 10 Wochen morgens und abends und als Kur 1 bis 2 Mal pro Jahr durchgef\u00fchrt werden.<\/p>\n<p class=\"p1\"><span class=\"s1\">\u2713 <\/span>Ophthalmologisch getestet<\/p>\n[\/vc_column_text][vc_tta_accordion c_icon=\u201dchevron\u201d c_position=\u201dright\u201d active_section=\u201d\u201d collapsible_all=\u201dtrue\u201d el_class=\u201dgzl-product-accordeon\u201d][vc_tta_section title=\u201dF\u00fcr wen eignet sich diese Pflege?\u201d tab_id=\u201dtargeta6a2-9c2325a4-68f1\u2033][vc_column_text]Alle Hauttypen.[\/vc_column_text][\/vc_tta_section][vc_tta_section title=\u201dTipp\u201d tab_id=\u201d1650982077543-b7442d66-d420\u2033][vc_column_text]Sie k\u00f6nnen Ihre Augenkonturenpflege kalt aufbewahren, um ein intensiveres Frischegef\u00fchl zu erzielen.[\/vc_column_text][\/vc_tta_section][vc_tta_section title=\u201dSie m\u00f6chten mehr dar\u00fcber erfahren?\u201d tab_id=\u201d1641545184866-34fadb74-5b7a\u201d][vc_column_text]Dunkle Augenschatten werden durch Melaninflecken, die sich unter der Haut befinden, verursacht. Da die Haut der Augenkontur 5- bis 10-mal d\u00fcnner ist als die restliche Gesichtshaut, treten diese braunen Pigmente rund um die Augen viel schneller in Erscheinung.[\/vc_column_text][\/vc_tta_section][vc_tta_section title=\u201dKundenmeinung\u201d tab_id=\u201dreviewsa6a2-9c2325a4-68f1\u2033 el_class=\u201dgzl-productReviewsBtn\u201d][\/vc_tta_section][\/vc_tta_accordion][\/vc_column][\/vc_row][vc_row css=\u201d.vc_custom_1640082687555{background-color: #000000 !important;}\u201d el_class=\u201dbg-full black spacing-lg percents\u201d][vc_column][vc_column_text el_class=\u201dgzl-cms-title-medium color-white\u201d]\n<h2 style=\"text-align: left;\"><strong>GETESTET UND F\u00dcR GUT BEFUNDEN *<\/strong><\/h2>\n[\/vc_column_text]\t<div id=\"et-content-carousel-701\" class=\"row et-content-carousel slick slick-slider no-padding  \" data-center=\"\" data-columns=\"3\" data-autoplay=\"\" data-fade=\"false\" data-autoplay-speed=\"\" data-pause=\"\" data-navigation=\"\" data-pagination=\"true\" data-infinite=\"true\">\n\t\t[vc_row_inner][vc_column_inner]\n\t<div id=\"et-counter-69f403abe2099\" class=\"et-counter animation bottom-to-top counter-color-custom icon-color- text-color-custom counter-top\" >\n\t\t\t\t\t<div class=\"counter-container\">\n\t\t\t\t\t\t\t\t\t<div class=\"h1\" data-count=\"92\" data-speed=\"1500\">0<\/div>\n\t\t\t\t\t\t\t\t\t\t\t\t\t<h4>reduzierte Augenschatten<\/h4>\n\t\t\t\t\t\t\t<\/div>\n\t\t\t\t\t\t\t\t\t\t<figure>\t\t\t\t\t<span class=\"\"><\/span>\n\t\t\t\t\t\t\t\t\t<\/figure>\n\t\t\t\t\t\t\t\n\t<\/div>\n\t[\/vc_column_inner][\/vc_row_inner][vc_row_inner][vc_column_inner]\n\t<div id=\"et-counter-69f403abe20c5\" class=\"et-counter animation bottom-to-top counter-color-custom icon-color- text-color-custom counter-top\" >\n\t\t\t\t\t<div class=\"counter-container\">\n\t\t\t\t\t\t\t\t\t<div class=\"h1\" data-count=\"88\" data-speed=\"1500\">0<\/div>\n\t\t\t\t\t\t\t\t\t\t\t\t\t<h4>reduzierte Schwellungen unter den Augen<\/h4>\n\t\t\t\t\t\t\t<\/div>\n\t\t\t\t\t\t\t\t\t\t<figure>\t\t\t\t\t<span class=\"\"><\/span>\n\t\t\t\t\t\t\t\t\t<\/figure>\n\t\t\t\t\t\t\t\n\t<\/div>\n\t[\/vc_column_inner][\/vc_row_inner][vc_row_inner][vc_column_inner]\n\t<div id=\"et-counter-69f403abe20db\" class=\"et-counter animation bottom-to-top counter-color-custom icon-color- text-color-custom counter-top\" >\n\t\t\t\t\t<div class=\"counter-container\">\n\t\t\t\t\t\t\t\t\t<div class=\"h1\" data-count=\"84\" data-speed=\"1500\">0<\/div>\n\t\t\t\t\t\t\t\t\t\t\t\t\t<h4>braune Flecken sind weniger sichtbar<\/h4>\n\t\t\t\t\t\t\t<\/div>\n\t\t\t\t\t\t\t\t\t\t<figure>\t\t\t\t\t<span class=\"\"><\/span>\n\t\t\t\t\t\t\t\t\t<\/figure>\n\t\t\t\t\t\t\t\n\t<\/div>\n\t[\/vc_column_inner][\/vc_row_inner]\t<\/div>\n\t\t\n\t[\/vc_column][\/vc_row][vc_row el_class=\u201dspacing-lg application\u201d][vc_column][vc_row_inner][vc_column_inner][vc_column_text animation=\u201danimation bottom-to-top\u201d css=\u201d.vc_custom_1646216253553{margin-bottom: 0px !important;}\u201d]\n<h2 style=\"text-align: center;\"><strong>ANWENDUNG<\/strong><\/h2>\n[\/vc_column_text][\/vc_column_inner][\/vc_row_inner]\t<div id=\"et-content-carousel-872\" class=\"row et-content-carousel slick slick-slider regular-padding  \" data-center=\"\" data-columns=\"3\" data-autoplay=\"\" data-fade=\"false\" data-autoplay-speed=\"\" data-pause=\"\" data-navigation=\"\" data-pagination=\"true\" data-infinite=\"true\">\n\t\t\r\n\t<div id=\"et-iconbox-302\" class=\"et-iconbox layout-centered icon-style-image-default bottom-spacing-none icon-color- text-color- animation bottom-to-top \"> \r\n\t\t<div class=\"et-icon-inner\">\r\n\t\t\t<figure class=\"et-feature-icon\">\r\n\t\t\t\t\t\t\t\t\t<img decoding=\"async\" src=\"https:\/\/www.christian-breton.fr\/wp-content\/uploads\/2022\/11\/2.jpg\" alt=\"\" \/>\r\n\t\t\t\t\t\t\t<\/figure>\r\n\t\t\t<div class=\"et-feature-content\"> \r\n\t\t\t\t\t\t\t\t\t\t\t\t<div class=\"wpb_text_column\"><h4 style=\"text-align: center;\">SCHRITT 1<\/h4>\n<p class=\"p1\" style=\"text-align: center;\">Auf die abgeschminkte Augenpartie auftragen<\/p>\n<\/div>\r\n\t\t\t\t\t\t\t<\/div>\r\n\t\t<\/div>\r\n\t<\/div>\r\n\r\n\t\r\n\t<div id=\"et-iconbox-126\" class=\"et-iconbox layout-centered icon-style-image-default bottom-spacing-none icon-color- text-color- animation bottom-to-top \"> \r\n\t\t<div class=\"et-icon-inner\">\r\n\t\t\t<figure class=\"et-feature-icon\">\r\n\t\t\t\t\t\t\t\t\t<img decoding=\"async\" src=\"https:\/\/www.christian-breton.fr\/wp-content\/uploads\/2021\/12\/yeux-1.jpg\" alt=\"\" \/>\r\n\t\t\t\t\t\t\t<\/figure>\r\n\t\t\t<div class=\"et-feature-content\"> \r\n\t\t\t\t\t\t\t\t\t\t\t\t<div class=\"wpb_text_column\"><h4 style=\"text-align: center;\">SCHRITT 2<\/h4>\n<p style=\"text-align: center;\">Durch leichtes Klopfen auf die Augenpartie einmassieren.<\/p>\n<\/div>\r\n\t\t\t\t\t\t\t<\/div>\r\n\t\t<\/div>\r\n\t<\/div>\r\n\r\n\t\r\n\t<div id=\"et-iconbox-189\" class=\"et-iconbox layout-centered icon-style-image-default bottom-spacing-none icon-color- text-color- animation bottom-to-top \"> \r\n\t\t<div class=\"et-icon-inner\">\r\n\t\t\t<figure class=\"et-feature-icon\">\r\n\t\t\t\t\t\t\t\t\t<img decoding=\"async\" src=\"https:\/\/www.christian-breton.fr\/wp-content\/uploads\/2021\/12\/fin.jpg\" alt=\"\" \/>\r\n\t\t\t\t\t\t\t<\/figure>\r\n\t\t\t<div class=\"et-feature-content\"> \r\n\t\t\t\t\t\t\t\t\t\t\t\t<div class=\"wpb_text_column\"><h4 style=\"text-align: center;\">SCHRITT 3<\/h4>\n<p style=\"text-align: center;\">Diese Behandlung sollte regelm\u00e4\u00dfig morgens und abends, \u00fcber einen Zeitraum von 8 bis 10 Wochen sowie als Kur ein- bis zweimal im Jahr, erfolgen<\/p>\n<\/div>\r\n\t\t\t\t\t\t\t<\/div>\r\n\t\t<\/div>\r\n\t<\/div>\r\n\r\n\t\t<\/div>\n\t\t\n\t[\/vc_column][\/vc_row]\n","protected":false},"excerpt":{"rendered":"<p>Dark Undereye Corrector Serum hilft, das Erscheinungsbild von dunklen Augenringen und dunklen Flecken sichtbar zu reduzieren. Seine Formel spendet Feuchtigkeit und l\u00e4sst die Augenpartie erstrahlen.<\/p>\n<p>\u2713 Ophthalmologisch getestet<br \/>\nAlle Hauttypen<br \/>\nRef. [wcj_product_sku] \u00b7 15ml<\/p>\n","protected":false},"featured_media":43348,"comment_status":"open","ping_status":"closed","template":"","meta":[],"product_brand":[],"product_cat":[1242,1268,1246,1267,1240],"product_tag":[],"class_list":{"0":"post-33113","1":"product","2":"type-product","3":"status-publish","4":"has-post-thumbnail","6":"product_cat-augenkontur","7":"product_cat-augenschatten-und-schwellungen","8":"product_cat-feuchtigkeitszufuhr","9":"product_cat-glow","10":"product_cat-seren","12":"first","13":"instock","14":"shipping-taxable","15":"purchasable","16":"product-type-simple"},"yoast_head":"<!-- This site is optimized with the Yoast SEO plugin v27.5 - https:\/\/yoast.com\/product\/yoast-seo-wordpress\/ -->\n<title>DARK UNDEREYE CORRECTOR SERUM - CHRISTIAN BRETON<\/title>\n<meta name=\"description\" content=\"Das Korrektur-Serum reduziert sichtbar das Auftreten von Augenringen, von dunklen und braunen Flecken sowie von Pigmentflecken um die Augenkontur.\" \/>\n<meta name=\"robots\" content=\"index, follow, max-snippet:-1, max-image-preview:large, max-video-preview:-1\" \/>\n<link rel=\"canonical\" href=\"https:\/\/www.christian-breton.fr\/de\/produit\/dark-undereye-corrector-serum\/\" \/>\n<meta property=\"og:locale\" content=\"de_DE\" \/>\n<meta property=\"og:type\" content=\"article\" \/>\n<meta property=\"og:title\" content=\"DARK UNDEREYE CORRECTOR SERUM - CHRISTIAN BRETON\" \/>\n<meta property=\"og:description\" content=\"Das Korrektur-Serum reduziert sichtbar das Auftreten von Augenringen, von dunklen und braunen Flecken sowie von Pigmentflecken um die Augenkontur.\" \/>\n<meta property=\"og:url\" content=\"https:\/\/www.christian-breton.fr\/de\/produit\/dark-undereye-corrector-serum\/\" \/>\n<meta property=\"og:site_name\" content=\"CHRISTIAN BRETON\" \/>\n<meta property=\"article:publisher\" content=\"https:\/\/www.facebook.com\/christianbretonfrance\" \/>\n<meta property=\"article:modified_time\" content=\"2026-03-03T08:01:05+00:00\" \/>\n<meta property=\"og:image\" content=\"https:\/\/www.christian-breton.fr\/wp-content\/uploads\/2021\/12\/1103-6.jpg\" \/>\n\t<meta property=\"og:image:width\" content=\"700\" \/>\n\t<meta property=\"og:image:height\" content=\"738\" \/>\n\t<meta property=\"og:image:type\" content=\"image\/jpeg\" \/>\n<meta name=\"twitter:card\" content=\"summary_large_image\" \/>\n<meta name=\"twitter:label1\" content=\"Gesch\u00e4tzte Lesezeit\" \/>\n\t<meta name=\"twitter:data1\" content=\"3\u00a0Minuten\" \/>\n<script type=\"application\/ld+json\" class=\"yoast-schema-graph\">{\"@context\":\"https:\\\/\\\/schema.org\",\"@graph\":[{\"@type\":\"WebPage\",\"@id\":\"https:\\\/\\\/www.christian-breton.fr\\\/de\\\/produit\\\/dark-undereye-corrector-serum\\\/\",\"url\":\"https:\\\/\\\/www.christian-breton.fr\\\/de\\\/produit\\\/dark-undereye-corrector-serum\\\/\",\"name\":\"DARK UNDEREYE CORRECTOR SERUM - CHRISTIAN BRETON\",\"isPartOf\":{\"@id\":\"https:\\\/\\\/www.christian-breton.fr\\\/de\\\/#website\"},\"primaryImageOfPage\":{\"@id\":\"https:\\\/\\\/www.christian-breton.fr\\\/de\\\/produit\\\/dark-undereye-corrector-serum\\\/#primaryimage\"},\"image\":{\"@id\":\"https:\\\/\\\/www.christian-breton.fr\\\/de\\\/produit\\\/dark-undereye-corrector-serum\\\/#primaryimage\"},\"thumbnailUrl\":\"https:\\\/\\\/www.christian-breton.fr\\\/wp-content\\\/uploads\\\/2021\\\/12\\\/1103-6.jpg\",\"datePublished\":\"2021-12-13T14:52:26+00:00\",\"dateModified\":\"2026-03-03T08:01:05+00:00\",\"description\":\"Das Korrektur-Serum reduziert sichtbar das Auftreten von Augenringen, von dunklen und braunen Flecken sowie von Pigmentflecken um die Augenkontur.\",\"breadcrumb\":{\"@id\":\"https:\\\/\\\/www.christian-breton.fr\\\/de\\\/produit\\\/dark-undereye-corrector-serum\\\/#breadcrumb\"},\"inLanguage\":\"de\",\"potentialAction\":[{\"@type\":\"ReadAction\",\"target\":[\"https:\\\/\\\/www.christian-breton.fr\\\/de\\\/produit\\\/dark-undereye-corrector-serum\\\/\"]}]},{\"@type\":\"ImageObject\",\"inLanguage\":\"de\",\"@id\":\"https:\\\/\\\/www.christian-breton.fr\\\/de\\\/produit\\\/dark-undereye-corrector-serum\\\/#primaryimage\",\"url\":\"https:\\\/\\\/www.christian-breton.fr\\\/wp-content\\\/uploads\\\/2021\\\/12\\\/1103-6.jpg\",\"contentUrl\":\"https:\\\/\\\/www.christian-breton.fr\\\/wp-content\\\/uploads\\\/2021\\\/12\\\/1103-6.jpg\",\"width\":700,\"height\":738},{\"@type\":\"BreadcrumbList\",\"@id\":\"https:\\\/\\\/www.christian-breton.fr\\\/de\\\/produit\\\/dark-undereye-corrector-serum\\\/#breadcrumb\",\"itemListElement\":[{\"@type\":\"ListItem\",\"position\":1,\"name\":\"Accueil\",\"item\":\"https:\\\/\\\/www.christian-breton.fr\\\/de\\\/\"},{\"@type\":\"ListItem\",\"position\":2,\"name\":\"Shop\",\"item\":\"https:\\\/\\\/www.christian-breton.fr\\\/de\\\/shop\\\/\"},{\"@type\":\"ListItem\",\"position\":3,\"name\":\"DARK UNDEREYE CORRECTOR SERUM\"}]},{\"@type\":\"WebSite\",\"@id\":\"https:\\\/\\\/www.christian-breton.fr\\\/de\\\/#website\",\"url\":\"https:\\\/\\\/www.christian-breton.fr\\\/de\\\/\",\"name\":\"CHRISTIAN BRETON\",\"description\":\"L&#039;Expert du Contour des Yeux\",\"publisher\":{\"@id\":\"https:\\\/\\\/www.christian-breton.fr\\\/de\\\/#organization\"},\"potentialAction\":[{\"@type\":\"SearchAction\",\"target\":{\"@type\":\"EntryPoint\",\"urlTemplate\":\"https:\\\/\\\/www.christian-breton.fr\\\/de\\\/?s={search_term_string}\"},\"query-input\":{\"@type\":\"PropertyValueSpecification\",\"valueRequired\":true,\"valueName\":\"search_term_string\"}}],\"inLanguage\":\"de\"},{\"@type\":\"Organization\",\"@id\":\"https:\\\/\\\/www.christian-breton.fr\\\/de\\\/#organization\",\"name\":\"CHRISTIAN BRETON\",\"url\":\"https:\\\/\\\/www.christian-breton.fr\\\/de\\\/\",\"logo\":{\"@type\":\"ImageObject\",\"inLanguage\":\"de\",\"@id\":\"https:\\\/\\\/www.christian-breton.fr\\\/de\\\/#\\\/schema\\\/logo\\\/image\\\/\",\"url\":\"https:\\\/\\\/www.christian-breton.fr\\\/wp-content\\\/uploads\\\/2022\\\/05\\\/Christian-Breton-Logo-fond-noir-scaled.jpg\",\"contentUrl\":\"https:\\\/\\\/www.christian-breton.fr\\\/wp-content\\\/uploads\\\/2022\\\/05\\\/Christian-Breton-Logo-fond-noir-scaled.jpg\",\"width\":2560,\"height\":2560,\"caption\":\"CHRISTIAN BRETON\"},\"image\":{\"@id\":\"https:\\\/\\\/www.christian-breton.fr\\\/de\\\/#\\\/schema\\\/logo\\\/image\\\/\"},\"sameAs\":[\"https:\\\/\\\/www.facebook.com\\\/christianbretonfrance\",\"https:\\\/\\\/www.instagram.com\\\/christianbreton_paris\\\/\"]}]}<\/script>\n<!-- \/ Yoast SEO plugin. -->","yoast_head_json":{"title":"DARK UNDEREYE CORRECTOR SERUM - CHRISTIAN BRETON","description":"Das Korrektur-Serum reduziert sichtbar das Auftreten von Augenringen, von dunklen und braunen Flecken sowie von Pigmentflecken um die Augenkontur.","robots":{"index":"index","follow":"follow","max-snippet":"max-snippet:-1","max-image-preview":"max-image-preview:large","max-video-preview":"max-video-preview:-1"},"canonical":"https:\/\/www.christian-breton.fr\/de\/produit\/dark-undereye-corrector-serum\/","og_locale":"de_DE","og_type":"article","og_title":"DARK UNDEREYE CORRECTOR SERUM - CHRISTIAN BRETON","og_description":"Das Korrektur-Serum reduziert sichtbar das Auftreten von Augenringen, von dunklen und braunen Flecken sowie von Pigmentflecken um die Augenkontur.","og_url":"https:\/\/www.christian-breton.fr\/de\/produit\/dark-undereye-corrector-serum\/","og_site_name":"CHRISTIAN BRETON","article_publisher":"https:\/\/www.facebook.com\/christianbretonfrance","article_modified_time":"2026-03-03T08:01:05+00:00","og_image":[{"width":700,"height":738,"url":"https:\/\/www.christian-breton.fr\/wp-content\/uploads\/2021\/12\/1103-6.jpg","type":"image\/jpeg"}],"twitter_card":"summary_large_image","twitter_misc":{"Gesch\u00e4tzte Lesezeit":"3\u00a0Minuten"},"schema":{"@context":"https:\/\/schema.org","@graph":[{"@type":"WebPage","@id":"https:\/\/www.christian-breton.fr\/de\/produit\/dark-undereye-corrector-serum\/","url":"https:\/\/www.christian-breton.fr\/de\/produit\/dark-undereye-corrector-serum\/","name":"DARK UNDEREYE CORRECTOR SERUM - CHRISTIAN BRETON","isPartOf":{"@id":"https:\/\/www.christian-breton.fr\/de\/#website"},"primaryImageOfPage":{"@id":"https:\/\/www.christian-breton.fr\/de\/produit\/dark-undereye-corrector-serum\/#primaryimage"},"image":{"@id":"https:\/\/www.christian-breton.fr\/de\/produit\/dark-undereye-corrector-serum\/#primaryimage"},"thumbnailUrl":"https:\/\/www.christian-breton.fr\/wp-content\/uploads\/2021\/12\/1103-6.jpg","datePublished":"2021-12-13T14:52:26+00:00","dateModified":"2026-03-03T08:01:05+00:00","description":"Das Korrektur-Serum reduziert sichtbar das Auftreten von Augenringen, von dunklen und braunen Flecken sowie von Pigmentflecken um die Augenkontur.","breadcrumb":{"@id":"https:\/\/www.christian-breton.fr\/de\/produit\/dark-undereye-corrector-serum\/#breadcrumb"},"inLanguage":"de","potentialAction":[{"@type":"ReadAction","target":["https:\/\/www.christian-breton.fr\/de\/produit\/dark-undereye-corrector-serum\/"]}]},{"@type":"ImageObject","inLanguage":"de","@id":"https:\/\/www.christian-breton.fr\/de\/produit\/dark-undereye-corrector-serum\/#primaryimage","url":"https:\/\/www.christian-breton.fr\/wp-content\/uploads\/2021\/12\/1103-6.jpg","contentUrl":"https:\/\/www.christian-breton.fr\/wp-content\/uploads\/2021\/12\/1103-6.jpg","width":700,"height":738},{"@type":"BreadcrumbList","@id":"https:\/\/www.christian-breton.fr\/de\/produit\/dark-undereye-corrector-serum\/#breadcrumb","itemListElement":[{"@type":"ListItem","position":1,"name":"Accueil","item":"https:\/\/www.christian-breton.fr\/de\/"},{"@type":"ListItem","position":2,"name":"Shop","item":"https:\/\/www.christian-breton.fr\/de\/shop\/"},{"@type":"ListItem","position":3,"name":"DARK UNDEREYE CORRECTOR SERUM"}]},{"@type":"WebSite","@id":"https:\/\/www.christian-breton.fr\/de\/#website","url":"https:\/\/www.christian-breton.fr\/de\/","name":"CHRISTIAN BRETON","description":"L&#039;Expert du Contour des Yeux","publisher":{"@id":"https:\/\/www.christian-breton.fr\/de\/#organization"},"potentialAction":[{"@type":"SearchAction","target":{"@type":"EntryPoint","urlTemplate":"https:\/\/www.christian-breton.fr\/de\/?s={search_term_string}"},"query-input":{"@type":"PropertyValueSpecification","valueRequired":true,"valueName":"search_term_string"}}],"inLanguage":"de"},{"@type":"Organization","@id":"https:\/\/www.christian-breton.fr\/de\/#organization","name":"CHRISTIAN BRETON","url":"https:\/\/www.christian-breton.fr\/de\/","logo":{"@type":"ImageObject","inLanguage":"de","@id":"https:\/\/www.christian-breton.fr\/de\/#\/schema\/logo\/image\/","url":"https:\/\/www.christian-breton.fr\/wp-content\/uploads\/2022\/05\/Christian-Breton-Logo-fond-noir-scaled.jpg","contentUrl":"https:\/\/www.christian-breton.fr\/wp-content\/uploads\/2022\/05\/Christian-Breton-Logo-fond-noir-scaled.jpg","width":2560,"height":2560,"caption":"CHRISTIAN BRETON"},"image":{"@id":"https:\/\/www.christian-breton.fr\/de\/#\/schema\/logo\/image\/"},"sameAs":["https:\/\/www.facebook.com\/christianbretonfrance","https:\/\/www.instagram.com\/christianbreton_paris\/"]}]}},"_links":{"self":[{"href":"https:\/\/www.christian-breton.fr\/de\/wp-json\/wp\/v2\/product\/33113","targetHints":{"allow":["GET"]}}],"collection":[{"href":"https:\/\/www.christian-breton.fr\/de\/wp-json\/wp\/v2\/product"}],"about":[{"href":"https:\/\/www.christian-breton.fr\/de\/wp-json\/wp\/v2\/types\/product"}],"replies":[{"embeddable":true,"href":"https:\/\/www.christian-breton.fr\/de\/wp-json\/wp\/v2\/comments?post=33113"}],"wp:featuredmedia":[{"embeddable":true,"href":"https:\/\/www.christian-breton.fr\/de\/wp-json\/wp\/v2\/media\/43348"}],"wp:attachment":[{"href":"https:\/\/www.christian-breton.fr\/de\/wp-json\/wp\/v2\/media?parent=33113"}],"wp:term":[{"taxonomy":"product_brand","embeddable":true,"href":"https:\/\/www.christian-breton.fr\/de\/wp-json\/wp\/v2\/product_brand?post=33113"},{"taxonomy":"product_cat","embeddable":true,"href":"https:\/\/www.christian-breton.fr\/de\/wp-json\/wp\/v2\/product_cat?post=33113"},{"taxonomy":"product_tag","embeddable":true,"href":"https:\/\/www.christian-breton.fr\/de\/wp-json\/wp\/v2\/product_tag?post=33113"}],"curies":[{"name":"wp","href":"https:\/\/api.w.org\/{rel}","templated":true}]}}