{"id":33201,"date":"2021-12-13T15:53:42","date_gmt":"2021-12-13T14:53:42","guid":{"rendered":"https:\/\/cb.agencegazelle.com\/produit\/creme-yeux-combleur-de-rides\/"},"modified":"2025-02-09T19:58:38","modified_gmt":"2025-02-09T18:58:38","slug":"eye-focus-active-cream","status":"publish","type":"product","link":"https:\/\/www.christian-breton.fr\/de\/produit\/eye-focus-active-cream\/","title":{"rendered":"EYE FOCUS ACTIVE CREAM"},"content":{"rendered":"[vc_row disable_element=\u201dyes\u201d][vc_column][vc_single_image image=\u201d26976\u2033 img_size=\u201d2770\u00d7217\u2033 alignment=\u201dcenter\u201d el_class=\u201dgzl-product-specs-desktop\u201d][vc_single_image image=\u201d26982\u2033 img_size=\u201d598\u00d7222\u2033 alignment=\u201dcenter\u201d el_class=\u201dgzl-product-specs-mobile\u201d][\/vc_column][\/vc_row][vc_row][vc_column][vc_column_text el_class=\u201dgzl-product-intro\u201d]\n<h3>Faltenauff\u00fcller<\/h3>\n<p style=\"margin: 0cm; vertical-align: baseline;\"><span style=\"font-family: 'Arial',sans-serif; color: black;\">\u00a0<\/span><\/p>\n<p style=\"margin: 0cm;\">Die superf\u00fcllende Textur Eye Focus Active Cream gl\u00e4ttet die Augenpartie, Falten wirken sichtbar gemildert. Diese Pflege verbessert die Elastizit\u00e4t der Haut und versorgt sie gleichzeitig mit Feuchtigkeit und N\u00e4hrstoffen. Ergebnis: Das weiche, matte Finish sorgt f\u00fcr einen Pfirsichhaut-Effekt. Sie ist auch eine hervorragende Make-up-Grundlage.<\/p>\n[\/vc_column_text][vc_tta_accordion c_icon=\u201dchevron\u201d c_position=\u201dright\u201d active_section=\u201d\u201d collapsible_all=\u201dtrue\u201d el_class=\u201dgzl-product-accordeon\u201d][vc_tta_section title=\u201dF\u00fcr wen eignet sich diese Pflege?\u201d tab_id=\u201dtargeta6a2-9c230261-2774\u2033][vc_column_text]Alle Hauttypen.[\/vc_column_text][\/vc_tta_section][vc_tta_section title=\u201dTIPP\u201d tab_id=\u201dexpertisea6a2-9c230261-2774\u2033][vc_column_text]Sie k\u00f6nnen Ihre Augenkonturenpflege kalt aufbewahren, um ein intensiveres Frischegef\u00fchl zu erzielen.[\/vc_column_text][\/vc_tta_section][vc_tta_section title=\u201dKundenmeinung\u201d tab_id=\u201dreviewsa6a2-9c230261-2774\u2033 el_class=\u201dgzl-productReviewsBtn\u201d][\/vc_tta_section][\/vc_tta_accordion][\/vc_column][\/vc_row][vc_row css=\u201d.vc_custom_1640082687555{background-color: #000000 !important;}\u201d el_class=\u201dbg-full black spacing-lg percents\u201d][vc_column][vc_column_text el_class=\u201dgzl-cms-title-medium color-white\u201d]\n<h2 style=\"text-align: left;\"><strong>GETESTET UND F\u00dcR GUT BEFUNDEN *<\/strong><\/h2>\n[\/vc_column_text]\t<div id=\"et-content-carousel-536\" class=\"row et-content-carousel slick slick-slider no-padding  \" data-center=\"\" data-columns=\"3\" data-autoplay=\"\" data-fade=\"false\" data-autoplay-speed=\"\" data-pause=\"\" data-navigation=\"\" data-pagination=\"true\" data-infinite=\"true\">\n\t\t[vc_row_inner][vc_column_inner]\n\t<div id=\"et-counter-69f415a98ea0b\" class=\"et-counter animation bottom-to-top counter-color-custom icon-color- text-color-custom counter-top\" >\n\t\t\t\t\t<div class=\"counter-container\">\n\t\t\t\t\t\t\t\t\t<div class=\"h1\" data-count=\"100\" data-speed=\"1500\">0<\/div>\n\t\t\t\t\t\t\t\t\t\t\t\t\t<h4>versorgt die Augenkontur mit Feuchtigkeit<\/h4>\n\t\t\t\t\t\t\t<\/div>\n\t\t\t\t\t\t\t\t\t\t<figure>\t\t\t\t\t<span class=\"\"><\/span>\n\t\t\t\t\t\t\t\t\t<\/figure>\n\t\t\t\t\t\t\t\n\t<\/div>\n\t[\/vc_column_inner][\/vc_row_inner][vc_row_inner][vc_column_inner]\n\t<div id=\"et-counter-69f415a98ea34\" class=\"et-counter animation bottom-to-top counter-color-custom icon-color- text-color-custom counter-top\" >\n\t\t\t\t\t<div class=\"counter-container\">\n\t\t\t\t\t\t\t\t\t<div class=\"h1\" data-count=\"92\" data-speed=\"1500\">0<\/div>\n\t\t\t\t\t\t\t\t\t\t\t\t\t<h4>reduziert Trockenheit<\/h4>\n\t\t\t\t\t\t\t<\/div>\n\t\t\t\t\t\t\t\t\t\t<figure>\t\t\t\t\t<span class=\"\"><\/span>\n\t\t\t\t\t\t\t\t\t<\/figure>\n\t\t\t\t\t\t\t\n\t<\/div>\n\t[\/vc_column_inner][\/vc_row_inner][vc_row_inner][vc_column_inner]\n\t<div id=\"et-counter-69f415a98ea48\" class=\"et-counter animation bottom-to-top counter-color-custom icon-color- text-color-custom counter-top\" >\n\t\t\t\t\t<div class=\"counter-container\">\n\t\t\t\t\t\t\t\t\t<div class=\"h1\" data-count=\"80\" data-speed=\"1500\">0<\/div>\n\t\t\t\t\t\t\t\t\t\t\t\t\t<h4>pflegt Augen und Augenlider<\/h4>\n\t\t\t\t\t\t\t<\/div>\n\t\t\t\t\t\t\t\t\t\t<figure>\t\t\t\t\t<span class=\"\"><\/span>\n\t\t\t\t\t\t\t\t\t<\/figure>\n\t\t\t\t\t\t\t\n\t<\/div>\n\t[\/vc_column_inner][\/vc_row_inner]\t<\/div>\n\t\t\n\t[\/vc_column][\/vc_row][vc_row el_class=\u201dspacing-lg application\u201d][vc_column][vc_row_inner][vc_column_inner][vc_column_text animation=\u201danimation bottom-to-top\u201d css=\u201d.vc_custom_1646220644049{margin-bottom: 0px !important;}\u201d]\n<h2 style=\"text-align: center;\"><strong>ANWENDUNG<\/strong><\/h2>\n[\/vc_column_text][\/vc_column_inner][\/vc_row_inner]\t<div id=\"et-content-carousel-426\" class=\"row et-content-carousel slick slick-slider regular-padding  \" data-center=\"\" data-columns=\"3\" data-autoplay=\"\" data-fade=\"false\" data-autoplay-speed=\"\" data-pause=\"\" data-navigation=\"\" data-pagination=\"true\" data-infinite=\"true\">\n\t\t\r\n\t<div id=\"et-iconbox-780\" class=\"et-iconbox layout-centered icon-style-image-default bottom-spacing-none icon-color- text-color- animation bottom-to-top \"> \r\n\t\t<div class=\"et-icon-inner\">\r\n\t\t\t<figure class=\"et-feature-icon\">\r\n\t\t\t\t\t\t\t\t\t<img decoding=\"async\" src=\"https:\/\/www.christian-breton.fr\/wp-content\/uploads\/2021\/12\/1101-6.jpg\" alt=\"\" \/>\r\n\t\t\t\t\t\t\t<\/figure>\r\n\t\t\t<div class=\"et-feature-content\"> \r\n\t\t\t\t\t\t\t\t\t\t\t\t<div class=\"wpb_text_column\"><h4 style=\"text-align: center;\">SCHRITT 1<\/h4>\n<p style=\"text-align: center;\">Eye Focus Active Cream Faltenauff\u00fcller auftragen<\/p>\n<\/div>\r\n\t\t\t\t\t\t\t<\/div>\r\n\t\t<\/div>\r\n\t<\/div>\r\n\r\n\t\r\n\t<div id=\"et-iconbox-164\" class=\"et-iconbox layout-centered icon-style-image-default bottom-spacing-none icon-color- text-color- animation bottom-to-top \"> \r\n\t\t<div class=\"et-icon-inner\">\r\n\t\t\t<figure class=\"et-feature-icon\">\r\n\t\t\t\t\t\t\t\t\t<img decoding=\"async\" src=\"https:\/\/www.christian-breton.fr\/wp-content\/uploads\/2021\/12\/yeux-1.jpg\" alt=\"\" \/>\r\n\t\t\t\t\t\t\t<\/figure>\r\n\t\t\t<div class=\"et-feature-content\"> \r\n\t\t\t\t\t\t\t\t\t\t\t\t<div class=\"wpb_text_column\"><h4 style=\"text-align: center;\">SCHRITT 2<\/h4>\n<p style=\"text-align: center;\">Tragen Sie morgens und abends Eye Focus Active Cream auf die Augenpartie auf und klopfen Sie sie leicht ein.<\/p>\n<\/div>\r\n\t\t\t\t\t\t\t<\/div>\r\n\t\t<\/div>\r\n\t<\/div>\r\n\r\n\t\r\n\t<div id=\"et-iconbox-862\" class=\"et-iconbox layout-centered icon-style-image-default bottom-spacing-none icon-color- text-color- animation bottom-to-top \"> \r\n\t\t<div class=\"et-icon-inner\">\r\n\t\t\t<figure class=\"et-feature-icon\">\r\n\t\t\t\t\t\t\t\t\t<img decoding=\"async\" src=\"https:\/\/www.christian-breton.fr\/wp-content\/uploads\/2021\/12\/fin.jpg\" alt=\"\" \/>\r\n\t\t\t\t\t\t\t<\/figure>\r\n\t\t\t<div class=\"et-feature-content\"> \r\n\t\t\t\t\t\t\t\t\t\t\t\t<div class=\"wpb_text_column\"><h4 style=\"text-align: center;\">SCHRITT 3<\/h4>\n<p style=\"text-align: center;\">Auch als Make-up-Grundlage geeignet.<\/p>\n<\/div>\r\n\t\t\t\t\t\t\t<\/div>\r\n\t\t<\/div>\r\n\t<\/div>\r\n\r\n\t\t<\/div>\n\t\t\n\t[\/vc_column][\/vc_row]\n","protected":false},"excerpt":{"rendered":"<p>Die Eye Focus Active Cream mit ihrer superweichzeichnenden Textur f\u00fcllt Falten sichtbar auf und sorgt f\u00fcr eine gegl\u00e4ttete, mit Feuchtigkeit versorgte Augenpartie. Die Elastizit\u00e4t und das Erscheinungsbild der Haut werden verbessert. <\/p>\n<p>\u2713 Ophthalmologisch getestet<\/p>\n<p>Ref. [wcj_product_sku] \u00b7 10ml<\/p>\n","protected":false},"featured_media":43484,"comment_status":"open","ping_status":"closed","template":"","meta":[],"product_brand":[],"product_cat":[1242,1250,1239,1246],"product_tag":[],"class_list":{"0":"post-33201","1":"product","2":"type-product","3":"status-publish","4":"has-post-thumbnail","6":"product_cat-augenkontur","7":"product_cat-cremes-und-gele","8":"product_cat-falten","9":"product_cat-feuchtigkeitszufuhr","11":"first","12":"instock","13":"shipping-taxable","14":"purchasable","15":"product-type-simple"},"yoast_head":"<!-- This site is optimized with the Yoast SEO plugin v27.5 - https:\/\/yoast.com\/product\/yoast-seo-wordpress\/ -->\n<title>EYE FOCUS ACTIVE CREAM - CHRISTIAN BRETON<\/title>\n<meta name=\"description\" content=\"Seine schnell einziehende Textur gl\u00e4ttet die feinen Linien der Augenkontur, mildert allm\u00e4hlich tiefe Falten und beugt zuk\u00fcnftigen Mimikf\u00e4ltchen vor.\" \/>\n<meta name=\"robots\" content=\"index, follow, max-snippet:-1, max-image-preview:large, max-video-preview:-1\" \/>\n<link rel=\"canonical\" href=\"https:\/\/www.christian-breton.fr\/de\/produit\/eye-focus-active-cream\/\" \/>\n<meta property=\"og:locale\" content=\"de_DE\" \/>\n<meta property=\"og:type\" content=\"article\" \/>\n<meta property=\"og:title\" content=\"EYE FOCUS ACTIVE CREAM - CHRISTIAN BRETON\" \/>\n<meta property=\"og:description\" content=\"Seine schnell einziehende Textur gl\u00e4ttet die feinen Linien der Augenkontur, mildert allm\u00e4hlich tiefe Falten und beugt zuk\u00fcnftigen Mimikf\u00e4ltchen vor.\" \/>\n<meta property=\"og:url\" content=\"https:\/\/www.christian-breton.fr\/de\/produit\/eye-focus-active-cream\/\" \/>\n<meta property=\"og:site_name\" content=\"CHRISTIAN BRETON\" \/>\n<meta property=\"article:publisher\" content=\"https:\/\/www.facebook.com\/christianbretonfrance\" \/>\n<meta property=\"article:modified_time\" content=\"2025-02-09T18:58:38+00:00\" \/>\n<meta property=\"og:image\" content=\"https:\/\/www.christian-breton.fr\/wp-content\/uploads\/2021\/12\/1110-5.jpg\" \/>\n\t<meta property=\"og:image:width\" content=\"700\" \/>\n\t<meta property=\"og:image:height\" content=\"738\" \/>\n\t<meta property=\"og:image:type\" content=\"image\/jpeg\" \/>\n<meta name=\"twitter:card\" content=\"summary_large_image\" \/>\n<meta name=\"twitter:label1\" content=\"Gesch\u00e4tzte Lesezeit\" \/>\n\t<meta name=\"twitter:data1\" content=\"3\u00a0Minuten\" \/>\n<script type=\"application\/ld+json\" class=\"yoast-schema-graph\">{\"@context\":\"https:\\\/\\\/schema.org\",\"@graph\":[{\"@type\":\"WebPage\",\"@id\":\"https:\\\/\\\/www.christian-breton.fr\\\/de\\\/produit\\\/eye-focus-active-cream\\\/\",\"url\":\"https:\\\/\\\/www.christian-breton.fr\\\/de\\\/produit\\\/eye-focus-active-cream\\\/\",\"name\":\"EYE FOCUS ACTIVE CREAM - CHRISTIAN BRETON\",\"isPartOf\":{\"@id\":\"https:\\\/\\\/www.christian-breton.fr\\\/de\\\/#website\"},\"primaryImageOfPage\":{\"@id\":\"https:\\\/\\\/www.christian-breton.fr\\\/de\\\/produit\\\/eye-focus-active-cream\\\/#primaryimage\"},\"image\":{\"@id\":\"https:\\\/\\\/www.christian-breton.fr\\\/de\\\/produit\\\/eye-focus-active-cream\\\/#primaryimage\"},\"thumbnailUrl\":\"https:\\\/\\\/www.christian-breton.fr\\\/wp-content\\\/uploads\\\/2021\\\/12\\\/1110-5.jpg\",\"datePublished\":\"2021-12-13T14:53:42+00:00\",\"dateModified\":\"2025-02-09T18:58:38+00:00\",\"description\":\"Seine schnell einziehende Textur gl\u00e4ttet die feinen Linien der Augenkontur, mildert allm\u00e4hlich tiefe Falten und beugt zuk\u00fcnftigen Mimikf\u00e4ltchen vor.\",\"breadcrumb\":{\"@id\":\"https:\\\/\\\/www.christian-breton.fr\\\/de\\\/produit\\\/eye-focus-active-cream\\\/#breadcrumb\"},\"inLanguage\":\"de\",\"potentialAction\":[{\"@type\":\"ReadAction\",\"target\":[\"https:\\\/\\\/www.christian-breton.fr\\\/de\\\/produit\\\/eye-focus-active-cream\\\/\"]}]},{\"@type\":\"ImageObject\",\"inLanguage\":\"de\",\"@id\":\"https:\\\/\\\/www.christian-breton.fr\\\/de\\\/produit\\\/eye-focus-active-cream\\\/#primaryimage\",\"url\":\"https:\\\/\\\/www.christian-breton.fr\\\/wp-content\\\/uploads\\\/2021\\\/12\\\/1110-5.jpg\",\"contentUrl\":\"https:\\\/\\\/www.christian-breton.fr\\\/wp-content\\\/uploads\\\/2021\\\/12\\\/1110-5.jpg\",\"width\":700,\"height\":738},{\"@type\":\"BreadcrumbList\",\"@id\":\"https:\\\/\\\/www.christian-breton.fr\\\/de\\\/produit\\\/eye-focus-active-cream\\\/#breadcrumb\",\"itemListElement\":[{\"@type\":\"ListItem\",\"position\":1,\"name\":\"Accueil\",\"item\":\"https:\\\/\\\/www.christian-breton.fr\\\/de\\\/\"},{\"@type\":\"ListItem\",\"position\":2,\"name\":\"Shop\",\"item\":\"https:\\\/\\\/www.christian-breton.fr\\\/de\\\/shop\\\/\"},{\"@type\":\"ListItem\",\"position\":3,\"name\":\"EYE FOCUS ACTIVE CREAM\"}]},{\"@type\":\"WebSite\",\"@id\":\"https:\\\/\\\/www.christian-breton.fr\\\/de\\\/#website\",\"url\":\"https:\\\/\\\/www.christian-breton.fr\\\/de\\\/\",\"name\":\"CHRISTIAN BRETON\",\"description\":\"L&#039;Expert du Contour des Yeux\",\"publisher\":{\"@id\":\"https:\\\/\\\/www.christian-breton.fr\\\/de\\\/#organization\"},\"potentialAction\":[{\"@type\":\"SearchAction\",\"target\":{\"@type\":\"EntryPoint\",\"urlTemplate\":\"https:\\\/\\\/www.christian-breton.fr\\\/de\\\/?s={search_term_string}\"},\"query-input\":{\"@type\":\"PropertyValueSpecification\",\"valueRequired\":true,\"valueName\":\"search_term_string\"}}],\"inLanguage\":\"de\"},{\"@type\":\"Organization\",\"@id\":\"https:\\\/\\\/www.christian-breton.fr\\\/de\\\/#organization\",\"name\":\"CHRISTIAN BRETON\",\"url\":\"https:\\\/\\\/www.christian-breton.fr\\\/de\\\/\",\"logo\":{\"@type\":\"ImageObject\",\"inLanguage\":\"de\",\"@id\":\"https:\\\/\\\/www.christian-breton.fr\\\/de\\\/#\\\/schema\\\/logo\\\/image\\\/\",\"url\":\"https:\\\/\\\/www.christian-breton.fr\\\/wp-content\\\/uploads\\\/2022\\\/05\\\/Christian-Breton-Logo-fond-noir-scaled.jpg\",\"contentUrl\":\"https:\\\/\\\/www.christian-breton.fr\\\/wp-content\\\/uploads\\\/2022\\\/05\\\/Christian-Breton-Logo-fond-noir-scaled.jpg\",\"width\":2560,\"height\":2560,\"caption\":\"CHRISTIAN BRETON\"},\"image\":{\"@id\":\"https:\\\/\\\/www.christian-breton.fr\\\/de\\\/#\\\/schema\\\/logo\\\/image\\\/\"},\"sameAs\":[\"https:\\\/\\\/www.facebook.com\\\/christianbretonfrance\",\"https:\\\/\\\/www.instagram.com\\\/christianbreton_paris\\\/\"]}]}<\/script>\n<!-- \/ Yoast SEO plugin. -->","yoast_head_json":{"title":"EYE FOCUS ACTIVE CREAM - CHRISTIAN BRETON","description":"Seine schnell einziehende Textur gl\u00e4ttet die feinen Linien der Augenkontur, mildert allm\u00e4hlich tiefe Falten und beugt zuk\u00fcnftigen Mimikf\u00e4ltchen vor.","robots":{"index":"index","follow":"follow","max-snippet":"max-snippet:-1","max-image-preview":"max-image-preview:large","max-video-preview":"max-video-preview:-1"},"canonical":"https:\/\/www.christian-breton.fr\/de\/produit\/eye-focus-active-cream\/","og_locale":"de_DE","og_type":"article","og_title":"EYE FOCUS ACTIVE CREAM - CHRISTIAN BRETON","og_description":"Seine schnell einziehende Textur gl\u00e4ttet die feinen Linien der Augenkontur, mildert allm\u00e4hlich tiefe Falten und beugt zuk\u00fcnftigen Mimikf\u00e4ltchen vor.","og_url":"https:\/\/www.christian-breton.fr\/de\/produit\/eye-focus-active-cream\/","og_site_name":"CHRISTIAN BRETON","article_publisher":"https:\/\/www.facebook.com\/christianbretonfrance","article_modified_time":"2025-02-09T18:58:38+00:00","og_image":[{"width":700,"height":738,"url":"https:\/\/www.christian-breton.fr\/wp-content\/uploads\/2021\/12\/1110-5.jpg","type":"image\/jpeg"}],"twitter_card":"summary_large_image","twitter_misc":{"Gesch\u00e4tzte Lesezeit":"3\u00a0Minuten"},"schema":{"@context":"https:\/\/schema.org","@graph":[{"@type":"WebPage","@id":"https:\/\/www.christian-breton.fr\/de\/produit\/eye-focus-active-cream\/","url":"https:\/\/www.christian-breton.fr\/de\/produit\/eye-focus-active-cream\/","name":"EYE FOCUS ACTIVE CREAM - CHRISTIAN BRETON","isPartOf":{"@id":"https:\/\/www.christian-breton.fr\/de\/#website"},"primaryImageOfPage":{"@id":"https:\/\/www.christian-breton.fr\/de\/produit\/eye-focus-active-cream\/#primaryimage"},"image":{"@id":"https:\/\/www.christian-breton.fr\/de\/produit\/eye-focus-active-cream\/#primaryimage"},"thumbnailUrl":"https:\/\/www.christian-breton.fr\/wp-content\/uploads\/2021\/12\/1110-5.jpg","datePublished":"2021-12-13T14:53:42+00:00","dateModified":"2025-02-09T18:58:38+00:00","description":"Seine schnell einziehende Textur gl\u00e4ttet die feinen Linien der Augenkontur, mildert allm\u00e4hlich tiefe Falten und beugt zuk\u00fcnftigen Mimikf\u00e4ltchen vor.","breadcrumb":{"@id":"https:\/\/www.christian-breton.fr\/de\/produit\/eye-focus-active-cream\/#breadcrumb"},"inLanguage":"de","potentialAction":[{"@type":"ReadAction","target":["https:\/\/www.christian-breton.fr\/de\/produit\/eye-focus-active-cream\/"]}]},{"@type":"ImageObject","inLanguage":"de","@id":"https:\/\/www.christian-breton.fr\/de\/produit\/eye-focus-active-cream\/#primaryimage","url":"https:\/\/www.christian-breton.fr\/wp-content\/uploads\/2021\/12\/1110-5.jpg","contentUrl":"https:\/\/www.christian-breton.fr\/wp-content\/uploads\/2021\/12\/1110-5.jpg","width":700,"height":738},{"@type":"BreadcrumbList","@id":"https:\/\/www.christian-breton.fr\/de\/produit\/eye-focus-active-cream\/#breadcrumb","itemListElement":[{"@type":"ListItem","position":1,"name":"Accueil","item":"https:\/\/www.christian-breton.fr\/de\/"},{"@type":"ListItem","position":2,"name":"Shop","item":"https:\/\/www.christian-breton.fr\/de\/shop\/"},{"@type":"ListItem","position":3,"name":"EYE FOCUS ACTIVE CREAM"}]},{"@type":"WebSite","@id":"https:\/\/www.christian-breton.fr\/de\/#website","url":"https:\/\/www.christian-breton.fr\/de\/","name":"CHRISTIAN BRETON","description":"L&#039;Expert du Contour des Yeux","publisher":{"@id":"https:\/\/www.christian-breton.fr\/de\/#organization"},"potentialAction":[{"@type":"SearchAction","target":{"@type":"EntryPoint","urlTemplate":"https:\/\/www.christian-breton.fr\/de\/?s={search_term_string}"},"query-input":{"@type":"PropertyValueSpecification","valueRequired":true,"valueName":"search_term_string"}}],"inLanguage":"de"},{"@type":"Organization","@id":"https:\/\/www.christian-breton.fr\/de\/#organization","name":"CHRISTIAN BRETON","url":"https:\/\/www.christian-breton.fr\/de\/","logo":{"@type":"ImageObject","inLanguage":"de","@id":"https:\/\/www.christian-breton.fr\/de\/#\/schema\/logo\/image\/","url":"https:\/\/www.christian-breton.fr\/wp-content\/uploads\/2022\/05\/Christian-Breton-Logo-fond-noir-scaled.jpg","contentUrl":"https:\/\/www.christian-breton.fr\/wp-content\/uploads\/2022\/05\/Christian-Breton-Logo-fond-noir-scaled.jpg","width":2560,"height":2560,"caption":"CHRISTIAN BRETON"},"image":{"@id":"https:\/\/www.christian-breton.fr\/de\/#\/schema\/logo\/image\/"},"sameAs":["https:\/\/www.facebook.com\/christianbretonfrance","https:\/\/www.instagram.com\/christianbreton_paris\/"]}]}},"_links":{"self":[{"href":"https:\/\/www.christian-breton.fr\/de\/wp-json\/wp\/v2\/product\/33201","targetHints":{"allow":["GET"]}}],"collection":[{"href":"https:\/\/www.christian-breton.fr\/de\/wp-json\/wp\/v2\/product"}],"about":[{"href":"https:\/\/www.christian-breton.fr\/de\/wp-json\/wp\/v2\/types\/product"}],"replies":[{"embeddable":true,"href":"https:\/\/www.christian-breton.fr\/de\/wp-json\/wp\/v2\/comments?post=33201"}],"wp:featuredmedia":[{"embeddable":true,"href":"https:\/\/www.christian-breton.fr\/de\/wp-json\/wp\/v2\/media\/43484"}],"wp:attachment":[{"href":"https:\/\/www.christian-breton.fr\/de\/wp-json\/wp\/v2\/media?parent=33201"}],"wp:term":[{"taxonomy":"product_brand","embeddable":true,"href":"https:\/\/www.christian-breton.fr\/de\/wp-json\/wp\/v2\/product_brand?post=33201"},{"taxonomy":"product_cat","embeddable":true,"href":"https:\/\/www.christian-breton.fr\/de\/wp-json\/wp\/v2\/product_cat?post=33201"},{"taxonomy":"product_tag","embeddable":true,"href":"https:\/\/www.christian-breton.fr\/de\/wp-json\/wp\/v2\/product_tag?post=33201"}],"curies":[{"name":"wp","href":"https:\/\/api.w.org\/{rel}","templated":true}]}}