{"id":33379,"date":"2021-12-13T16:28:34","date_gmt":"2021-12-13T15:28:34","guid":{"rendered":"https:\/\/cb.agencegazelle.com\/produit\/lultime-soin-de-nuit\/"},"modified":"2024-06-03T11:39:39","modified_gmt":"2024-06-03T09:39:39","slug":"the-ultimate-age-correcting-night-cream","status":"publish","type":"product","link":"https:\/\/www.christian-breton.fr\/de\/produit\/the-ultimate-age-correcting-night-cream\/","title":{"rendered":"THE ULTIMATE AGE CORRECTING NIGHT CREAM"},"content":{"rendered":"[vc_row][vc_column][vc_single_image image=&#8221;26976&#8243; img_size=&#8221;2770&#215;217&#8243; alignment=&#8221;center&#8221; el_class=&#8221;gzl-product-specs-desktop&#8221;][vc_single_image image=&#8221;26982&#8243; img_size=&#8221;598&#215;222&#8243; alignment=&#8221;center&#8221; el_class=&#8221;gzl-product-specs-mobile&#8221;][\/vc_column][\/vc_row][vc_row][vc_column][vc_column_text]\n<h3>Reduziert feine Linien und Falten f\u00fcr ein geliftetes Aussehen<\/h3>\n<p>Diese Pflege wirkt \u00fcber Nacht gegen feine Linien und Falten und sorgt f\u00fcr eine strahlende Haut beim Aufwachen. Sie spendet Feuchtigkeit, Ausstrahlung und Festigkeit f\u00fcr ein sichtbar gegl\u00e4ttetes Hautbild. Probieren Sie es aus, Sie werden nicht mehr darauf verzichten wollen![\/vc_column_text][vc_tta_accordion c_icon=&#8221;chevron&#8221; c_position=&#8221;right&#8221; active_section=&#8221;&#8221; collapsible_all=&#8221;true&#8221; el_class=&#8221;gzl-product-accordeon&#8221;][vc_tta_section title=&#8221;F\u00fcr wen eignet sich diese Pflege?&#8221; tab_id=&#8221;targete47f-5d74&#8243;][vc_column_text]Alle Hauttypen.[\/vc_column_text][\/vc_tta_section][vc_tta_section title=&#8221;KUNDENMEINUNG&#8221; tab_id=&#8221;reviews&#8221; el_class=&#8221;gzl-productReviewsBtn&#8221;][\/vc_tta_section][\/vc_tta_accordion][\/vc_column][\/vc_row][vc_row et_row_padding=&#8221;true&#8221; css=&#8221;.vc_custom_1639992333918{background-color: #000000 !important;}&#8221; el_class=&#8221;bg-full black spacing-lg percents&#8221;][vc_column][vc_column_text el_class=&#8221;gzl-cms-title-medium color-white&#8221;]\n<h2><strong>GETESTET UND F\u00dcR GUT BEFUNDEN *<\/strong><\/h2>\n[\/vc_column_text]\t<div id=\"et-content-carousel-282\" class=\"row et-content-carousel slick slick-slider no-padding  \" data-center=\"\" data-columns=\"3\" data-autoplay=\"\" data-fade=\"false\" data-autoplay-speed=\"\" data-pause=\"\" data-navigation=\"\" data-pagination=\"true\" data-infinite=\"true\">\n\t\t[vc_row_inner][vc_column_inner]\n\t<div id=\"et-counter-69f15a319826c\" class=\"et-counter animation bottom-to-top counter-color-custom icon-color- text-color-custom counter-top\" >\n\t\t\t\t\t<div class=\"counter-container\">\n\t\t\t\t\t\t\t\t\t<div class=\"h1\" data-count=\"100\" data-speed=\"1500\">0<\/div>\n\t\t\t\t\t\t\t\t\t\t\t\t\t<h4>reduziert Linien und Falten<\/h4>\n\t\t\t\t\t\t\t<\/div>\n\t\t\t\t\t\t\t\t\t\t<figure>\t\t\t\t\t<span class=\"\"><\/span>\n\t\t\t\t\t\t\t\t\t<\/figure>\n\t\t\t\t\t\t\t\n\t<\/div>\n\t[\/vc_column_inner][\/vc_row_inner][vc_row_inner][vc_column_inner]\n\t<div id=\"et-counter-69f15a319829b\" class=\"et-counter animation bottom-to-top counter-color-custom icon-color- text-color-custom counter-top\" >\n\t\t\t\t\t<div class=\"counter-container\">\n\t\t\t\t\t\t\t\t\t<div class=\"h1\" data-count=\"100\" data-speed=\"1500\">0<\/div>\n\t\t\t\t\t\t\t\t\t\t\t\t\t<h4>straffere Haut<\/h4>\n\t\t\t\t\t\t\t<\/div>\n\t\t\t\t\t\t\t\t\t\t<figure>\t\t\t\t\t<span class=\"\"><\/span>\n\t\t\t\t\t\t\t\t\t<\/figure>\n\t\t\t\t\t\t\t\n\t<\/div>\n\t[\/vc_column_inner][\/vc_row_inner][vc_row_inner][vc_column_inner]\n\t<div id=\"et-counter-69f15a31982b2\" class=\"et-counter animation bottom-to-top counter-color-custom icon-color- text-color-custom counter-top\" >\n\t\t\t\t\t<div class=\"counter-container\">\n\t\t\t\t\t\t\t\t\t<div class=\"h1\" data-count=\"100\" data-speed=\"1500\">0<\/div>\n\t\t\t\t\t\t\t\t\t\t\t\t\t<h4>geliftete Haut<\/h4>\n\t\t\t\t\t\t\t<\/div>\n\t\t\t\t\t\t\t\t\t\t<figure>\t\t\t\t\t<span class=\"\"><\/span>\n\t\t\t\t\t\t\t\t\t<\/figure>\n\t\t\t\t\t\t\t\n\t<\/div>\n\t[\/vc_column_inner][\/vc_row_inner]\t<\/div>\n\t\t\n\t[\/vc_column][\/vc_row][vc_row el_class=&#8221;spacing-lg application&#8221;][vc_column][vc_row_inner][vc_column_inner][vc_column_text animation=&#8221;animation bottom-to-top&#8221; css=&#8221;.vc_custom_1646235398029{margin-bottom: 0px !important;}&#8221;]\n<h2 style=\"text-align: center;\"><strong>ANWENDUNG<\/strong><\/h2>\n[\/vc_column_text][\/vc_column_inner][\/vc_row_inner]\t<div id=\"et-content-carousel-38\" class=\"row et-content-carousel slick slick-slider regular-padding  \" data-center=\"\" data-columns=\"3\" data-autoplay=\"\" data-fade=\"false\" data-autoplay-speed=\"\" data-pause=\"\" data-navigation=\"\" data-pagination=\"true\" data-infinite=\"true\">\n\t\t\r\n\t<div id=\"et-iconbox-841\" class=\"et-iconbox layout-centered icon-style-image-default bottom-spacing-none icon-color- text-color- animation bottom-to-top \"> \r\n\t\t<div class=\"et-icon-inner\">\r\n\t\t\t<figure class=\"et-feature-icon\">\r\n\t\t\t\t\t\t\t\t\t<img decoding=\"async\" src=\"https:\/\/www.christian-breton.fr\/wp-content\/uploads\/2021\/12\/1-10.jpg\" alt=\"\" \/>\r\n\t\t\t\t\t\t\t<\/figure>\r\n\t\t\t<div class=\"et-feature-content\"> \r\n\t\t\t\t\t\t\t\t\t\t\t\t<div class=\"wpb_text_column\"><h4 style=\"text-align: center;\">SCHRITT 1<\/h4>\n<p style=\"text-align: center;\">Tragen Sie das Ultimate Lifting Serum morgens auf das gesamte Gesicht auf.<\/p>\n<\/div>\r\n\t\t\t\t\t\t\t<\/div>\r\n\t\t<\/div>\r\n\t<\/div>\r\n\r\n\t\r\n\t<div id=\"et-iconbox-376\" class=\"et-iconbox layout-centered icon-style-image-default bottom-spacing-none icon-color- text-color- animation bottom-to-top \"> \r\n\t\t<div class=\"et-icon-inner\">\r\n\t\t\t<figure class=\"et-feature-icon\">\r\n\t\t\t\t\t\t\t\t\t<img decoding=\"async\" src=\"https:\/\/www.christian-breton.fr\/wp-content\/uploads\/2021\/12\/2-13.jpg\" alt=\"\" \/>\r\n\t\t\t\t\t\t\t<\/figure>\r\n\t\t\t<div class=\"et-feature-content\"> \r\n\t\t\t\t\t\t\t\t\t\t\t\t<div class=\"wpb_text_column\"><h4 style=\"text-align: center;\">SCHRITT 2<\/h4>\n<p style=\"text-align: center;\">Tragen Sie anschlie\u00dfend die Ultimate Regenerating Day Cream auf die gesamte Gesichtspartie auf.<\/p>\n<\/div>\r\n\t\t\t\t\t\t\t<\/div>\r\n\t\t<\/div>\r\n\t<\/div>\r\n\r\n\t\r\n\t<div id=\"et-iconbox-33\" class=\"et-iconbox layout-centered icon-style-image-default bottom-spacing-none icon-color- text-color- animation bottom-to-top \"> \r\n\t\t<div class=\"et-icon-inner\">\r\n\t\t\t<figure class=\"et-feature-icon\">\r\n\t\t\t\t\t\t\t\t\t<img decoding=\"async\" src=\"https:\/\/www.christian-breton.fr\/wp-content\/uploads\/2021\/12\/3-9.jpg\" alt=\"\" \/>\r\n\t\t\t\t\t\t\t<\/figure>\r\n\t\t\t<div class=\"et-feature-content\"> \r\n\t\t\t\t\t\t\t\t\t\t\t\t<div class=\"wpb_text_column\"><h4 style=\"text-align: center;\">SCHRITT<\/h4>\n<p style=\"text-align: center;\">Tragen Sie abends die Ultimate Age Correcting Night Cream auf die gesamte Gesichtspartie auf.<\/p>\n<\/div>\r\n\t\t\t\t\t\t\t<\/div>\r\n\t\t<\/div>\r\n\t<\/div>\r\n\r\n\t\t<\/div>\n\t\t\n\t[\/vc_column][\/vc_row]\n","protected":false},"excerpt":{"rendered":"<p>Wachen Sie mit einer strahlenden, mit Feuchtigkeit versorgten Haut auf! Die Ultimative Nachtpflege mindert die sichtbaren Zeichen der Hautalterung und l\u00e4sst die Haut straffer und &#8220;geliftet&#8221; aussehen, wenn sie sich anf\u00fchlt.<\/p>\n<p>97% Inhaltsstoffe nat\u00fcrlichen Ursprungs.<\/p>\n<p>\u2713 Unter dermatologischer Aufsicht getestet.<\/p>\n<p>Ref. [wcj_product_sku] \u00b7 50ml<\/p>\n","protected":false},"featured_media":27871,"comment_status":"open","ping_status":"closed","template":"","meta":[],"product_brand":[],"product_cat":[1359,1353,1339,1338,1537,1510,1347],"product_tag":[],"class_list":{"0":"post-33379","1":"product","2":"type-product","3":"status-publish","4":"has-post-thumbnail","6":"product_cat-cremes-und-balsame-gesicht","7":"product_cat-falten-gesicht","8":"product_cat-feuchtigkeitszufuhr-gesicht","9":"product_cat-gesicht","10":"product_cat-glow-gesicht","11":"product_cat-luxury-de","12":"product_cat-spannkraft-festigkeit","14":"first","15":"instock","16":"shipping-taxable","17":"purchasable","18":"product-type-simple"},"yoast_head":"<!-- This site is optimized with the Yoast SEO plugin v27.4 - https:\/\/yoast.com\/product\/yoast-seo-wordpress\/ -->\n<title>THE ULTIMATE AGE CORRECTING NIGHT CREAM - CHRISTIAN BRETON<\/title>\n<meta name=\"description\" content=\"Diese Nachtpflege verleiht der Haut ein intensives Strahlen sowie ein strafferes und \u201egeliftetes\u201c \u00c4u\u00dferes.\" \/>\n<meta name=\"robots\" content=\"index, follow, max-snippet:-1, max-image-preview:large, max-video-preview:-1\" \/>\n<link rel=\"canonical\" href=\"https:\/\/www.christian-breton.fr\/de\/produit\/the-ultimate-age-correcting-night-cream\/\" \/>\n<meta property=\"og:locale\" content=\"de_DE\" \/>\n<meta property=\"og:type\" content=\"article\" \/>\n<meta property=\"og:title\" content=\"THE ULTIMATE AGE CORRECTING NIGHT CREAM - CHRISTIAN BRETON\" \/>\n<meta property=\"og:description\" content=\"Diese Nachtpflege verleiht der Haut ein intensives Strahlen sowie ein strafferes und \u201egeliftetes\u201c \u00c4u\u00dferes.\" \/>\n<meta property=\"og:url\" content=\"https:\/\/www.christian-breton.fr\/de\/produit\/the-ultimate-age-correcting-night-cream\/\" \/>\n<meta property=\"og:site_name\" content=\"CHRISTIAN BRETON\" \/>\n<meta property=\"article:publisher\" content=\"https:\/\/www.facebook.com\/christianbretonfrance\" \/>\n<meta property=\"article:modified_time\" content=\"2024-06-03T09:39:39+00:00\" \/>\n<meta property=\"og:image\" content=\"https:\/\/i0.wp.com\/www.christian-breton.fr\/wp-content\/uploads\/2021\/12\/1302.jpg?fit=700%2C738&ssl=1\" \/>\n\t<meta property=\"og:image:width\" content=\"700\" \/>\n\t<meta property=\"og:image:height\" content=\"738\" \/>\n\t<meta property=\"og:image:type\" content=\"image\/jpeg\" \/>\n<meta name=\"twitter:card\" content=\"summary_large_image\" \/>\n<meta name=\"twitter:label1\" content=\"Gesch\u00e4tzte Lesezeit\" \/>\n\t<meta name=\"twitter:data1\" content=\"3\u00a0Minuten\" \/>\n<script type=\"application\/ld+json\" class=\"yoast-schema-graph\">{\"@context\":\"https:\\\/\\\/schema.org\",\"@graph\":[{\"@type\":\"WebPage\",\"@id\":\"https:\\\/\\\/www.christian-breton.fr\\\/de\\\/produit\\\/the-ultimate-age-correcting-night-cream\\\/\",\"url\":\"https:\\\/\\\/www.christian-breton.fr\\\/de\\\/produit\\\/the-ultimate-age-correcting-night-cream\\\/\",\"name\":\"THE ULTIMATE AGE CORRECTING NIGHT CREAM - CHRISTIAN BRETON\",\"isPartOf\":{\"@id\":\"https:\\\/\\\/www.christian-breton.fr\\\/de\\\/#website\"},\"primaryImageOfPage\":{\"@id\":\"https:\\\/\\\/www.christian-breton.fr\\\/de\\\/produit\\\/the-ultimate-age-correcting-night-cream\\\/#primaryimage\"},\"image\":{\"@id\":\"https:\\\/\\\/www.christian-breton.fr\\\/de\\\/produit\\\/the-ultimate-age-correcting-night-cream\\\/#primaryimage\"},\"thumbnailUrl\":\"https:\\\/\\\/www.christian-breton.fr\\\/wp-content\\\/uploads\\\/2021\\\/12\\\/1302.jpg\",\"datePublished\":\"2021-12-13T15:28:34+00:00\",\"dateModified\":\"2024-06-03T09:39:39+00:00\",\"description\":\"Diese Nachtpflege verleiht der Haut ein intensives Strahlen sowie ein strafferes und \u201egeliftetes\u201c \u00c4u\u00dferes.\",\"breadcrumb\":{\"@id\":\"https:\\\/\\\/www.christian-breton.fr\\\/de\\\/produit\\\/the-ultimate-age-correcting-night-cream\\\/#breadcrumb\"},\"inLanguage\":\"de\",\"potentialAction\":[{\"@type\":\"ReadAction\",\"target\":[\"https:\\\/\\\/www.christian-breton.fr\\\/de\\\/produit\\\/the-ultimate-age-correcting-night-cream\\\/\"]}]},{\"@type\":\"ImageObject\",\"inLanguage\":\"de\",\"@id\":\"https:\\\/\\\/www.christian-breton.fr\\\/de\\\/produit\\\/the-ultimate-age-correcting-night-cream\\\/#primaryimage\",\"url\":\"https:\\\/\\\/www.christian-breton.fr\\\/wp-content\\\/uploads\\\/2021\\\/12\\\/1302.jpg\",\"contentUrl\":\"https:\\\/\\\/www.christian-breton.fr\\\/wp-content\\\/uploads\\\/2021\\\/12\\\/1302.jpg\",\"width\":700,\"height\":738,\"caption\":\"L'ultime soin de nuit - Christian Breton\"},{\"@type\":\"BreadcrumbList\",\"@id\":\"https:\\\/\\\/www.christian-breton.fr\\\/de\\\/produit\\\/the-ultimate-age-correcting-night-cream\\\/#breadcrumb\",\"itemListElement\":[{\"@type\":\"ListItem\",\"position\":1,\"name\":\"Accueil\",\"item\":\"https:\\\/\\\/www.christian-breton.fr\\\/de\\\/\"},{\"@type\":\"ListItem\",\"position\":2,\"name\":\"Shop\",\"item\":\"https:\\\/\\\/www.christian-breton.fr\\\/de\\\/shop\\\/\"},{\"@type\":\"ListItem\",\"position\":3,\"name\":\"THE ULTIMATE AGE CORRECTING NIGHT CREAM\"}]},{\"@type\":\"WebSite\",\"@id\":\"https:\\\/\\\/www.christian-breton.fr\\\/de\\\/#website\",\"url\":\"https:\\\/\\\/www.christian-breton.fr\\\/de\\\/\",\"name\":\"CHRISTIAN BRETON\",\"description\":\"L&#039;Expert du Contour des Yeux\",\"publisher\":{\"@id\":\"https:\\\/\\\/www.christian-breton.fr\\\/de\\\/#organization\"},\"potentialAction\":[{\"@type\":\"SearchAction\",\"target\":{\"@type\":\"EntryPoint\",\"urlTemplate\":\"https:\\\/\\\/www.christian-breton.fr\\\/de\\\/?s={search_term_string}\"},\"query-input\":{\"@type\":\"PropertyValueSpecification\",\"valueRequired\":true,\"valueName\":\"search_term_string\"}}],\"inLanguage\":\"de\"},{\"@type\":\"Organization\",\"@id\":\"https:\\\/\\\/www.christian-breton.fr\\\/de\\\/#organization\",\"name\":\"CHRISTIAN BRETON\",\"url\":\"https:\\\/\\\/www.christian-breton.fr\\\/de\\\/\",\"logo\":{\"@type\":\"ImageObject\",\"inLanguage\":\"de\",\"@id\":\"https:\\\/\\\/www.christian-breton.fr\\\/de\\\/#\\\/schema\\\/logo\\\/image\\\/\",\"url\":\"https:\\\/\\\/www.christian-breton.fr\\\/wp-content\\\/uploads\\\/2022\\\/05\\\/Christian-Breton-Logo-fond-noir-scaled.jpg\",\"contentUrl\":\"https:\\\/\\\/www.christian-breton.fr\\\/wp-content\\\/uploads\\\/2022\\\/05\\\/Christian-Breton-Logo-fond-noir-scaled.jpg\",\"width\":2560,\"height\":2560,\"caption\":\"CHRISTIAN BRETON\"},\"image\":{\"@id\":\"https:\\\/\\\/www.christian-breton.fr\\\/de\\\/#\\\/schema\\\/logo\\\/image\\\/\"},\"sameAs\":[\"https:\\\/\\\/www.facebook.com\\\/christianbretonfrance\",\"https:\\\/\\\/www.instagram.com\\\/christianbreton_paris\\\/\"]}]}<\/script>\n<!-- \/ Yoast SEO plugin. -->","yoast_head_json":{"title":"THE ULTIMATE AGE CORRECTING NIGHT CREAM - CHRISTIAN BRETON","description":"Diese Nachtpflege verleiht der Haut ein intensives Strahlen sowie ein strafferes und \u201egeliftetes\u201c \u00c4u\u00dferes.","robots":{"index":"index","follow":"follow","max-snippet":"max-snippet:-1","max-image-preview":"max-image-preview:large","max-video-preview":"max-video-preview:-1"},"canonical":"https:\/\/www.christian-breton.fr\/de\/produit\/the-ultimate-age-correcting-night-cream\/","og_locale":"de_DE","og_type":"article","og_title":"THE ULTIMATE AGE CORRECTING NIGHT CREAM - CHRISTIAN BRETON","og_description":"Diese Nachtpflege verleiht der Haut ein intensives Strahlen sowie ein strafferes und \u201egeliftetes\u201c \u00c4u\u00dferes.","og_url":"https:\/\/www.christian-breton.fr\/de\/produit\/the-ultimate-age-correcting-night-cream\/","og_site_name":"CHRISTIAN BRETON","article_publisher":"https:\/\/www.facebook.com\/christianbretonfrance","article_modified_time":"2024-06-03T09:39:39+00:00","og_image":[{"width":700,"height":738,"url":"https:\/\/i0.wp.com\/www.christian-breton.fr\/wp-content\/uploads\/2021\/12\/1302.jpg?fit=700%2C738&ssl=1","type":"image\/jpeg"}],"twitter_card":"summary_large_image","twitter_misc":{"Gesch\u00e4tzte Lesezeit":"3\u00a0Minuten"},"schema":{"@context":"https:\/\/schema.org","@graph":[{"@type":"WebPage","@id":"https:\/\/www.christian-breton.fr\/de\/produit\/the-ultimate-age-correcting-night-cream\/","url":"https:\/\/www.christian-breton.fr\/de\/produit\/the-ultimate-age-correcting-night-cream\/","name":"THE ULTIMATE AGE CORRECTING NIGHT CREAM - CHRISTIAN BRETON","isPartOf":{"@id":"https:\/\/www.christian-breton.fr\/de\/#website"},"primaryImageOfPage":{"@id":"https:\/\/www.christian-breton.fr\/de\/produit\/the-ultimate-age-correcting-night-cream\/#primaryimage"},"image":{"@id":"https:\/\/www.christian-breton.fr\/de\/produit\/the-ultimate-age-correcting-night-cream\/#primaryimage"},"thumbnailUrl":"https:\/\/www.christian-breton.fr\/wp-content\/uploads\/2021\/12\/1302.jpg","datePublished":"2021-12-13T15:28:34+00:00","dateModified":"2024-06-03T09:39:39+00:00","description":"Diese Nachtpflege verleiht der Haut ein intensives Strahlen sowie ein strafferes und \u201egeliftetes\u201c \u00c4u\u00dferes.","breadcrumb":{"@id":"https:\/\/www.christian-breton.fr\/de\/produit\/the-ultimate-age-correcting-night-cream\/#breadcrumb"},"inLanguage":"de","potentialAction":[{"@type":"ReadAction","target":["https:\/\/www.christian-breton.fr\/de\/produit\/the-ultimate-age-correcting-night-cream\/"]}]},{"@type":"ImageObject","inLanguage":"de","@id":"https:\/\/www.christian-breton.fr\/de\/produit\/the-ultimate-age-correcting-night-cream\/#primaryimage","url":"https:\/\/www.christian-breton.fr\/wp-content\/uploads\/2021\/12\/1302.jpg","contentUrl":"https:\/\/www.christian-breton.fr\/wp-content\/uploads\/2021\/12\/1302.jpg","width":700,"height":738,"caption":"L'ultime soin de nuit - Christian Breton"},{"@type":"BreadcrumbList","@id":"https:\/\/www.christian-breton.fr\/de\/produit\/the-ultimate-age-correcting-night-cream\/#breadcrumb","itemListElement":[{"@type":"ListItem","position":1,"name":"Accueil","item":"https:\/\/www.christian-breton.fr\/de\/"},{"@type":"ListItem","position":2,"name":"Shop","item":"https:\/\/www.christian-breton.fr\/de\/shop\/"},{"@type":"ListItem","position":3,"name":"THE ULTIMATE AGE CORRECTING NIGHT CREAM"}]},{"@type":"WebSite","@id":"https:\/\/www.christian-breton.fr\/de\/#website","url":"https:\/\/www.christian-breton.fr\/de\/","name":"CHRISTIAN BRETON","description":"L&#039;Expert du Contour des Yeux","publisher":{"@id":"https:\/\/www.christian-breton.fr\/de\/#organization"},"potentialAction":[{"@type":"SearchAction","target":{"@type":"EntryPoint","urlTemplate":"https:\/\/www.christian-breton.fr\/de\/?s={search_term_string}"},"query-input":{"@type":"PropertyValueSpecification","valueRequired":true,"valueName":"search_term_string"}}],"inLanguage":"de"},{"@type":"Organization","@id":"https:\/\/www.christian-breton.fr\/de\/#organization","name":"CHRISTIAN BRETON","url":"https:\/\/www.christian-breton.fr\/de\/","logo":{"@type":"ImageObject","inLanguage":"de","@id":"https:\/\/www.christian-breton.fr\/de\/#\/schema\/logo\/image\/","url":"https:\/\/www.christian-breton.fr\/wp-content\/uploads\/2022\/05\/Christian-Breton-Logo-fond-noir-scaled.jpg","contentUrl":"https:\/\/www.christian-breton.fr\/wp-content\/uploads\/2022\/05\/Christian-Breton-Logo-fond-noir-scaled.jpg","width":2560,"height":2560,"caption":"CHRISTIAN BRETON"},"image":{"@id":"https:\/\/www.christian-breton.fr\/de\/#\/schema\/logo\/image\/"},"sameAs":["https:\/\/www.facebook.com\/christianbretonfrance","https:\/\/www.instagram.com\/christianbreton_paris\/"]}]}},"_links":{"self":[{"href":"https:\/\/www.christian-breton.fr\/de\/wp-json\/wp\/v2\/product\/33379","targetHints":{"allow":["GET"]}}],"collection":[{"href":"https:\/\/www.christian-breton.fr\/de\/wp-json\/wp\/v2\/product"}],"about":[{"href":"https:\/\/www.christian-breton.fr\/de\/wp-json\/wp\/v2\/types\/product"}],"replies":[{"embeddable":true,"href":"https:\/\/www.christian-breton.fr\/de\/wp-json\/wp\/v2\/comments?post=33379"}],"wp:featuredmedia":[{"embeddable":true,"href":"https:\/\/www.christian-breton.fr\/de\/wp-json\/wp\/v2\/media\/27871"}],"wp:attachment":[{"href":"https:\/\/www.christian-breton.fr\/de\/wp-json\/wp\/v2\/media?parent=33379"}],"wp:term":[{"taxonomy":"product_brand","embeddable":true,"href":"https:\/\/www.christian-breton.fr\/de\/wp-json\/wp\/v2\/product_brand?post=33379"},{"taxonomy":"product_cat","embeddable":true,"href":"https:\/\/www.christian-breton.fr\/de\/wp-json\/wp\/v2\/product_cat?post=33379"},{"taxonomy":"product_tag","embeddable":true,"href":"https:\/\/www.christian-breton.fr\/de\/wp-json\/wp\/v2\/product_tag?post=33379"}],"curies":[{"name":"wp","href":"https:\/\/api.w.org\/{rel}","templated":true}]}}