{"id":33146,"date":"2021-12-13T15:53:05","date_gmt":"2021-12-13T14:53:05","guid":{"rendered":"https:\/\/cb.agencegazelle.com\/?post_type=product&#038;p=33146"},"modified":"2024-05-24T14:34:54","modified_gmt":"2024-05-24T12:34:54","slug":"masque-yeux-perfection","status":"publish","type":"product","link":"https:\/\/www.christian-breton.fr\/es\/produit\/masque-yeux-perfection\/","title":{"rendered":"MASQUE YEUX PERFECTION"},"content":{"rendered":"[vc_row disable_element=\u201dyes\u201d][vc_column][vc_single_image image=\u201d30583\u2033 img_size=\u201d2770\u00d7217\u2033 alignment=\u201dcenter\u201d el_class=\u201dgzl-product-specs-desktop\u201d][vc_single_image image=\u201d30588\u2033 img_size=\u201d598\u00d7222\u2033 alignment=\u201dcenter\u201d el_class=\u201dgzl-product-specs-mobile\u201d][\/vc_column][\/vc_row][vc_row][vc_column][vc_column_text el_class=\u201dgzl-product-intro\u201d]\n<h3>La mascarilla perfecta para el contorno de ojos.<\/h3>\n<p>Especialmente formulada para la delicada zona del contorno de ojos.<br \/>\nConsejo: Util\u00edcelo como mascarilla expr\u00e9s o mascarilla de noche. Tambi\u00e9n se puede utilizar con parches para los ojos.[\/vc_column_text][vc_tta_accordion c_icon=\u201dchevron\u201d c_position=\u201dright\u201d active_section=\u201d\u201d collapsible_all=\u201dtrue\u201d el_class=\u201dgzl-product-accordeon\u201d][vc_tta_section title=\u201d\u00bfA qui\u00e9n va dirigido?\u201d tab_id=\u201dtargeta6a2-9c233d04-77dd\u201d][vc_column_text]Todos los tipos de piel.[\/vc_column_text][\/vc_tta_section][vc_tta_section title=\u201dCONSEJO\u201d tab_id=\u201dexpertisea6a2-9c233d04-77dd\u201d][vc_column_text]Puede guardar su contorno de ojos en el frigor\u00edfico para una sensaci\u00f3n de frescor m\u00e1s intensa.[\/vc_column_text][\/vc_tta_section][vc_tta_section title=\u201dOpini\u00f3n del cliente\u201d tab_id=\u201dreviewsa6a2-9c233d04-77dd\u201d el_class=\u201dgzl-productReviewsBtn\u201d][\/vc_tta_section][\/vc_tta_accordion][\/vc_column][\/vc_row][vc_row el_class=\u201dspacing-lg application\u201d][vc_column][vc_row_inner][vc_column_inner][vc_column_text animation=\u201danimation bottom-to-top\u201d css=\u201d.vc_custom_1644318104552{margin-bottom: 0px !important;}\u201d]\n<h2 style=\"text-align: center;\"><strong> C\u00d3MO UTILIZARLO <\/strong><\/h2>\n[\/vc_column_text][\/vc_column_inner][\/vc_row_inner]\t<div id=\"et-content-carousel-242\" class=\"row et-content-carousel slick slick-slider regular-padding  \" data-center=\"\" data-columns=\"3\" data-autoplay=\"\" data-fade=\"false\" data-autoplay-speed=\"\" data-pause=\"\" data-navigation=\"\" data-pagination=\"true\" data-infinite=\"true\">\n\t\t\r\n\t<div id=\"et-iconbox-945\" class=\"et-iconbox layout-centered icon-style-image-default bottom-spacing-none icon-color- text-color- animation bottom-to-top \"> \r\n\t\t<div class=\"et-icon-inner\">\r\n\t\t\t<figure class=\"et-feature-icon\">\r\n\t\t\t\t\t\t\t\t\t<img decoding=\"async\" src=\"https:\/\/www.christian-breton.fr\/wp-content\/uploads\/2021\/12\/yeux-1.jpg\" alt=\"\" \/>\r\n\t\t\t\t\t\t\t<\/figure>\r\n\t\t\t<div class=\"et-feature-content\"> \r\n\t\t\t\t\t\t\t\t\t\t\t\t<div class=\"wpb_text_column\"><h4 style=\"text-align: center;\">Paso 1<\/h4>\n<p style=\"text-align: center;\">Aplicar una capa gruesa en el contorno de los ojos<\/p>\n<\/div>\r\n\t\t\t\t\t\t\t<\/div>\r\n\t\t<\/div>\r\n\t<\/div>\r\n\r\n\t\r\n\t<div id=\"et-iconbox-238\" class=\"et-iconbox layout-centered icon-style-image-default bottom-spacing-none icon-color- text-color- animation bottom-to-top \"> \r\n\t\t<div class=\"et-icon-inner\">\r\n\t\t\t<figure class=\"et-feature-icon\">\r\n\t\t\t\t\t\t\t\t\t<img decoding=\"async\" src=\"https:\/\/www.christian-breton.fr\/wp-content\/uploads\/2022\/11\/2.jpg\" alt=\"\" \/>\r\n\t\t\t\t\t\t\t<\/figure>\r\n\t\t\t<div class=\"et-feature-content\"> \r\n\t\t\t\t\t\t\t\t\t\t\t\t<div class=\"wpb_text_column\"><h4 style=\"text-align: center;\">Paso 2<\/h4>\n<p style=\"text-align: center;\">Dejar actuar de 10 a 15 minutos y retirar con un algod\u00f3n.<\/p>\n<\/div>\r\n\t\t\t\t\t\t\t<\/div>\r\n\t\t<\/div>\r\n\t<\/div>\r\n\r\n\t\r\n\t<div id=\"et-iconbox-860\" class=\"et-iconbox layout-centered icon-style-image-default bottom-spacing-none icon-color- text-color- animation bottom-to-top \"> \r\n\t\t<div class=\"et-icon-inner\">\r\n\t\t\t<figure class=\"et-feature-icon\">\r\n\t\t\t\t\t\t\t\t\t<img decoding=\"async\" src=\"https:\/\/www.christian-breton.fr\/wp-content\/uploads\/2021\/12\/fin.jpg\" alt=\"\" \/>\r\n\t\t\t\t\t\t\t<\/figure>\r\n\t\t\t<div class=\"et-feature-content\"> \r\n\t\t\t\t\t\t\t\t\t\t\t\t<div class=\"wpb_text_column\"><h4 style=\"text-align: center;\">Paso 3<\/h4>\n<p style=\"text-align: center;\">Utilizar una o dos veces por semana o incluso como mascarilla nocturna.<\/p>\n<\/div>\r\n\t\t\t\t\t\t\t<\/div>\r\n\t\t<\/div>\r\n\t<\/div>\r\n\r\n\t\t<\/div>\n\t\t\n\t[\/vc_column][\/vc_row]\n","protected":false},"excerpt":{"rendered":"<p>Masque Yeux Perfection es la combinaci\u00f3n perfecta de un derivado patentado del az\u00facar y caol\u00edn. Est\u00e1 formulada para quienes buscan un tratamiento intenso. Su textura generosa se adhiere perfectamente al contorno de los ojos, incluso durante la noche.<\/p>\n<p>Ref. [wcj_product_sku] \u00b7 15ml<\/p>\n","protected":false},"featured_media":28654,"comment_status":"open","ping_status":"closed","template":"","meta":[],"product_brand":[],"product_cat":[1210,1223],"product_tag":[],"class_list":{"0":"post-33146","1":"product","2":"type-product","3":"status-publish","4":"has-post-thumbnail","6":"product_cat-contorno-de-ojos","7":"product_cat-masques-ojos","9":"first","10":"instock","11":"shipping-taxable","12":"purchasable","13":"product-type-simple"},"yoast_head":"<!-- This site is optimized with the Yoast SEO plugin v27.5 - https:\/\/yoast.com\/product\/yoast-seo-wordpress\/ -->\n<title>MASQUE YEUX PERFECTION - CHRISTIAN BRETON<\/title>\n<meta name=\"robots\" content=\"index, follow, max-snippet:-1, max-image-preview:large, max-video-preview:-1\" \/>\n<link rel=\"canonical\" href=\"https:\/\/www.christian-breton.fr\/es\/produit\/masque-yeux-perfection\/\" \/>\n<meta property=\"og:locale\" content=\"es_ES\" \/>\n<meta property=\"og:type\" content=\"article\" \/>\n<meta property=\"og:title\" content=\"MASQUE YEUX PERFECTION - CHRISTIAN BRETON\" \/>\n<meta property=\"og:description\" content=\"Masque Yeux Perfection es la combinaci\u00f3n perfecta de un derivado patentado del az\u00facar y caol\u00edn. Est\u00e1 formulada para quienes buscan un tratamiento intenso. Su textura generosa se adhiere perfectamente al contorno de los ojos, incluso durante la noche.  Ref. \u00b7 15ml\" \/>\n<meta property=\"og:url\" content=\"https:\/\/www.christian-breton.fr\/es\/produit\/masque-yeux-perfection\/\" \/>\n<meta property=\"og:site_name\" content=\"CHRISTIAN BRETON\" \/>\n<meta property=\"article:publisher\" content=\"https:\/\/www.facebook.com\/christianbretonfrance\" \/>\n<meta property=\"article:modified_time\" content=\"2024-05-24T12:34:54+00:00\" \/>\n<meta property=\"og:image\" content=\"https:\/\/www.christian-breton.fr\/wp-content\/uploads\/2021\/12\/1108.jpg\" \/>\n\t<meta property=\"og:image:width\" content=\"700\" \/>\n\t<meta property=\"og:image:height\" content=\"738\" \/>\n\t<meta property=\"og:image:type\" content=\"image\/jpeg\" \/>\n<meta name=\"twitter:card\" content=\"summary_large_image\" \/>\n<meta name=\"twitter:label1\" content=\"Tiempo de lectura\" \/>\n\t<meta name=\"twitter:data1\" content=\"2 minutos\" \/>\n<script type=\"application\/ld+json\" class=\"yoast-schema-graph\">{\"@context\":\"https:\\\/\\\/schema.org\",\"@graph\":[{\"@type\":\"WebPage\",\"@id\":\"https:\\\/\\\/www.christian-breton.fr\\\/es\\\/produit\\\/masque-yeux-perfection\\\/\",\"url\":\"https:\\\/\\\/www.christian-breton.fr\\\/es\\\/produit\\\/masque-yeux-perfection\\\/\",\"name\":\"MASQUE YEUX PERFECTION - CHRISTIAN BRETON\",\"isPartOf\":{\"@id\":\"https:\\\/\\\/www.christian-breton.fr\\\/es\\\/#website\"},\"primaryImageOfPage\":{\"@id\":\"https:\\\/\\\/www.christian-breton.fr\\\/es\\\/produit\\\/masque-yeux-perfection\\\/#primaryimage\"},\"image\":{\"@id\":\"https:\\\/\\\/www.christian-breton.fr\\\/es\\\/produit\\\/masque-yeux-perfection\\\/#primaryimage\"},\"thumbnailUrl\":\"https:\\\/\\\/www.christian-breton.fr\\\/wp-content\\\/uploads\\\/2021\\\/12\\\/1108.jpg\",\"datePublished\":\"2021-12-13T14:53:05+00:00\",\"dateModified\":\"2024-05-24T12:34:54+00:00\",\"breadcrumb\":{\"@id\":\"https:\\\/\\\/www.christian-breton.fr\\\/es\\\/produit\\\/masque-yeux-perfection\\\/#breadcrumb\"},\"inLanguage\":\"es\",\"potentialAction\":[{\"@type\":\"ReadAction\",\"target\":[\"https:\\\/\\\/www.christian-breton.fr\\\/es\\\/produit\\\/masque-yeux-perfection\\\/\"]}]},{\"@type\":\"ImageObject\",\"inLanguage\":\"es\",\"@id\":\"https:\\\/\\\/www.christian-breton.fr\\\/es\\\/produit\\\/masque-yeux-perfection\\\/#primaryimage\",\"url\":\"https:\\\/\\\/www.christian-breton.fr\\\/wp-content\\\/uploads\\\/2021\\\/12\\\/1108.jpg\",\"contentUrl\":\"https:\\\/\\\/www.christian-breton.fr\\\/wp-content\\\/uploads\\\/2021\\\/12\\\/1108.jpg\",\"width\":700,\"height\":738,\"caption\":\"Masque yeux prefection hydratation intense r\u00e9duit l'apparence des rides et ridules - Christian Breton\"},{\"@type\":\"BreadcrumbList\",\"@id\":\"https:\\\/\\\/www.christian-breton.fr\\\/es\\\/produit\\\/masque-yeux-perfection\\\/#breadcrumb\",\"itemListElement\":[{\"@type\":\"ListItem\",\"position\":1,\"name\":\"Accueil\",\"item\":\"https:\\\/\\\/www.christian-breton.fr\\\/es\\\/\"},{\"@type\":\"ListItem\",\"position\":2,\"name\":\"Tienda\",\"item\":\"https:\\\/\\\/www.christian-breton.fr\\\/es\\\/tienda\\\/\"},{\"@type\":\"ListItem\",\"position\":3,\"name\":\"MASQUE YEUX PERFECTION\"}]},{\"@type\":\"WebSite\",\"@id\":\"https:\\\/\\\/www.christian-breton.fr\\\/es\\\/#website\",\"url\":\"https:\\\/\\\/www.christian-breton.fr\\\/es\\\/\",\"name\":\"CHRISTIAN BRETON\",\"description\":\"L&#039;Expert du Contour des Yeux\",\"publisher\":{\"@id\":\"https:\\\/\\\/www.christian-breton.fr\\\/es\\\/#organization\"},\"potentialAction\":[{\"@type\":\"SearchAction\",\"target\":{\"@type\":\"EntryPoint\",\"urlTemplate\":\"https:\\\/\\\/www.christian-breton.fr\\\/es\\\/?s={search_term_string}\"},\"query-input\":{\"@type\":\"PropertyValueSpecification\",\"valueRequired\":true,\"valueName\":\"search_term_string\"}}],\"inLanguage\":\"es\"},{\"@type\":\"Organization\",\"@id\":\"https:\\\/\\\/www.christian-breton.fr\\\/es\\\/#organization\",\"name\":\"CHRISTIAN BRETON\",\"url\":\"https:\\\/\\\/www.christian-breton.fr\\\/es\\\/\",\"logo\":{\"@type\":\"ImageObject\",\"inLanguage\":\"es\",\"@id\":\"https:\\\/\\\/www.christian-breton.fr\\\/es\\\/#\\\/schema\\\/logo\\\/image\\\/\",\"url\":\"https:\\\/\\\/www.christian-breton.fr\\\/wp-content\\\/uploads\\\/2022\\\/05\\\/Christian-Breton-Logo-fond-noir-scaled.jpg\",\"contentUrl\":\"https:\\\/\\\/www.christian-breton.fr\\\/wp-content\\\/uploads\\\/2022\\\/05\\\/Christian-Breton-Logo-fond-noir-scaled.jpg\",\"width\":2560,\"height\":2560,\"caption\":\"CHRISTIAN BRETON\"},\"image\":{\"@id\":\"https:\\\/\\\/www.christian-breton.fr\\\/es\\\/#\\\/schema\\\/logo\\\/image\\\/\"},\"sameAs\":[\"https:\\\/\\\/www.facebook.com\\\/christianbretonfrance\",\"https:\\\/\\\/www.instagram.com\\\/christianbreton_paris\\\/\"]}]}<\/script>\n<!-- \/ Yoast SEO plugin. -->","yoast_head_json":{"title":"MASQUE YEUX PERFECTION - CHRISTIAN BRETON","robots":{"index":"index","follow":"follow","max-snippet":"max-snippet:-1","max-image-preview":"max-image-preview:large","max-video-preview":"max-video-preview:-1"},"canonical":"https:\/\/www.christian-breton.fr\/es\/produit\/masque-yeux-perfection\/","og_locale":"es_ES","og_type":"article","og_title":"MASQUE YEUX PERFECTION - CHRISTIAN BRETON","og_description":"Masque Yeux Perfection es la combinaci\u00f3n perfecta de un derivado patentado del az\u00facar y caol\u00edn. Est\u00e1 formulada para quienes buscan un tratamiento intenso. Su textura generosa se adhiere perfectamente al contorno de los ojos, incluso durante la noche.  Ref. \u00b7 15ml","og_url":"https:\/\/www.christian-breton.fr\/es\/produit\/masque-yeux-perfection\/","og_site_name":"CHRISTIAN BRETON","article_publisher":"https:\/\/www.facebook.com\/christianbretonfrance","article_modified_time":"2024-05-24T12:34:54+00:00","og_image":[{"width":700,"height":738,"url":"https:\/\/www.christian-breton.fr\/wp-content\/uploads\/2021\/12\/1108.jpg","type":"image\/jpeg"}],"twitter_card":"summary_large_image","twitter_misc":{"Tiempo de lectura":"2 minutos"},"schema":{"@context":"https:\/\/schema.org","@graph":[{"@type":"WebPage","@id":"https:\/\/www.christian-breton.fr\/es\/produit\/masque-yeux-perfection\/","url":"https:\/\/www.christian-breton.fr\/es\/produit\/masque-yeux-perfection\/","name":"MASQUE YEUX PERFECTION - CHRISTIAN BRETON","isPartOf":{"@id":"https:\/\/www.christian-breton.fr\/es\/#website"},"primaryImageOfPage":{"@id":"https:\/\/www.christian-breton.fr\/es\/produit\/masque-yeux-perfection\/#primaryimage"},"image":{"@id":"https:\/\/www.christian-breton.fr\/es\/produit\/masque-yeux-perfection\/#primaryimage"},"thumbnailUrl":"https:\/\/www.christian-breton.fr\/wp-content\/uploads\/2021\/12\/1108.jpg","datePublished":"2021-12-13T14:53:05+00:00","dateModified":"2024-05-24T12:34:54+00:00","breadcrumb":{"@id":"https:\/\/www.christian-breton.fr\/es\/produit\/masque-yeux-perfection\/#breadcrumb"},"inLanguage":"es","potentialAction":[{"@type":"ReadAction","target":["https:\/\/www.christian-breton.fr\/es\/produit\/masque-yeux-perfection\/"]}]},{"@type":"ImageObject","inLanguage":"es","@id":"https:\/\/www.christian-breton.fr\/es\/produit\/masque-yeux-perfection\/#primaryimage","url":"https:\/\/www.christian-breton.fr\/wp-content\/uploads\/2021\/12\/1108.jpg","contentUrl":"https:\/\/www.christian-breton.fr\/wp-content\/uploads\/2021\/12\/1108.jpg","width":700,"height":738,"caption":"Masque yeux prefection hydratation intense r\u00e9duit l'apparence des rides et ridules - Christian Breton"},{"@type":"BreadcrumbList","@id":"https:\/\/www.christian-breton.fr\/es\/produit\/masque-yeux-perfection\/#breadcrumb","itemListElement":[{"@type":"ListItem","position":1,"name":"Accueil","item":"https:\/\/www.christian-breton.fr\/es\/"},{"@type":"ListItem","position":2,"name":"Tienda","item":"https:\/\/www.christian-breton.fr\/es\/tienda\/"},{"@type":"ListItem","position":3,"name":"MASQUE YEUX PERFECTION"}]},{"@type":"WebSite","@id":"https:\/\/www.christian-breton.fr\/es\/#website","url":"https:\/\/www.christian-breton.fr\/es\/","name":"CHRISTIAN BRETON","description":"L&#039;Expert du Contour des Yeux","publisher":{"@id":"https:\/\/www.christian-breton.fr\/es\/#organization"},"potentialAction":[{"@type":"SearchAction","target":{"@type":"EntryPoint","urlTemplate":"https:\/\/www.christian-breton.fr\/es\/?s={search_term_string}"},"query-input":{"@type":"PropertyValueSpecification","valueRequired":true,"valueName":"search_term_string"}}],"inLanguage":"es"},{"@type":"Organization","@id":"https:\/\/www.christian-breton.fr\/es\/#organization","name":"CHRISTIAN BRETON","url":"https:\/\/www.christian-breton.fr\/es\/","logo":{"@type":"ImageObject","inLanguage":"es","@id":"https:\/\/www.christian-breton.fr\/es\/#\/schema\/logo\/image\/","url":"https:\/\/www.christian-breton.fr\/wp-content\/uploads\/2022\/05\/Christian-Breton-Logo-fond-noir-scaled.jpg","contentUrl":"https:\/\/www.christian-breton.fr\/wp-content\/uploads\/2022\/05\/Christian-Breton-Logo-fond-noir-scaled.jpg","width":2560,"height":2560,"caption":"CHRISTIAN BRETON"},"image":{"@id":"https:\/\/www.christian-breton.fr\/es\/#\/schema\/logo\/image\/"},"sameAs":["https:\/\/www.facebook.com\/christianbretonfrance","https:\/\/www.instagram.com\/christianbreton_paris\/"]}]}},"_links":{"self":[{"href":"https:\/\/www.christian-breton.fr\/es\/wp-json\/wp\/v2\/product\/33146","targetHints":{"allow":["GET"]}}],"collection":[{"href":"https:\/\/www.christian-breton.fr\/es\/wp-json\/wp\/v2\/product"}],"about":[{"href":"https:\/\/www.christian-breton.fr\/es\/wp-json\/wp\/v2\/types\/product"}],"replies":[{"embeddable":true,"href":"https:\/\/www.christian-breton.fr\/es\/wp-json\/wp\/v2\/comments?post=33146"}],"wp:featuredmedia":[{"embeddable":true,"href":"https:\/\/www.christian-breton.fr\/es\/wp-json\/wp\/v2\/media\/28654"}],"wp:attachment":[{"href":"https:\/\/www.christian-breton.fr\/es\/wp-json\/wp\/v2\/media?parent=33146"}],"wp:term":[{"taxonomy":"product_brand","embeddable":true,"href":"https:\/\/www.christian-breton.fr\/es\/wp-json\/wp\/v2\/product_brand?post=33146"},{"taxonomy":"product_cat","embeddable":true,"href":"https:\/\/www.christian-breton.fr\/es\/wp-json\/wp\/v2\/product_cat?post=33146"},{"taxonomy":"product_tag","embeddable":true,"href":"https:\/\/www.christian-breton.fr\/es\/wp-json\/wp\/v2\/product_tag?post=33146"}],"curies":[{"name":"wp","href":"https:\/\/api.w.org\/{rel}","templated":true}]}}