{"id":33536,"date":"2021-12-13T16:28:26","date_gmt":"2021-12-13T15:28:26","guid":{"rendered":"https:\/\/cb.agencegazelle.com\/produit\/lultime-soin-de-jour\/"},"modified":"2024-06-03T11:32:59","modified_gmt":"2024-06-03T09:32:59","slug":"the-ultimate-regenerating-day-cream","status":"publish","type":"product","link":"https:\/\/www.christian-breton.fr\/es\/produit\/the-ultimate-regenerating-day-cream\/","title":{"rendered":"The Ultimate Regenerating Day Cream"},"content":{"rendered":"[vc_row][vc_column][vc_single_image image=\u201d26929\u2033 img_size=\u201d2770\u00d7217\u2033 alignment=\u201dcenter\u201d el_class=\u201dgzl-product-specs-desktop\u201d][vc_single_image image=\u201d27119\u2033 img_size=\u201d598\u00d7222\u2033 alignment=\u201dcenter\u201d el_class=\u201dgzl-product-specs-mobile\u201d][\/vc_column][\/vc_row][vc_row][vc_column][vc_column_text]\n<h3>Ilumina y reafirma la piel<\/h3>\n<p>Esta crema de textura suave, formulada con ingredientes ricos en omega 6, le ofrece un verdadero momento de placer sensorial. Aporta a la piel todo lo que necesita para estar firme, hidratada y radiante. Las arrugas y l\u00edneas de expresi\u00f3n se reducen visiblemente.[\/vc_column_text][vc_tta_accordion c_icon=\u201dchevron\u201d c_position=\u201dright\u201d active_section=\u201d\u201d collapsible_all=\u201dtrue\u201d el_class=\u201dgzl-product-accordeon\u201d][vc_tta_section title=\u201d\u00bfA qui\u00e9n va dirigido?\u201d tab_id=\u201dtarget7888-becc\u201d][vc_column_text]Todos los tipos de piel.[\/vc_column_text][\/vc_tta_section][vc_tta_section title=\u201dOpini\u00f3n del cliente\u201d tab_id=\u201dreviews\u201d el_class=\u201dgzl-productReviewsBtn\u201d][\/vc_tta_section][\/vc_tta_accordion][\/vc_column][\/vc_row][vc_row et_row_padding=\u201dtrue\u201d css=\u201d.vc_custom_1638787757059{background-color: #000000 !important;}\u201d el_class=\u201dbg-full black spacing-lg percents\u201d][vc_column][vc_column_text el_class=\u201dgzl-cms-title-medium color-white\u201d]\n<h2><strong>PROBADO Y APROBADO *<\/strong><\/h2>\n[\/vc_column_text]\t<div id=\"et-content-carousel-809\" class=\"row et-content-carousel slick slick-slider no-padding  \" data-center=\"\" data-columns=\"3\" data-autoplay=\"\" data-fade=\"false\" data-autoplay-speed=\"\" data-pause=\"\" data-navigation=\"\" data-pagination=\"true\" data-infinite=\"true\">\n\t\t[vc_row_inner][vc_column_inner]\n\t<div id=\"et-counter-69f4b269064ae\" class=\"et-counter animation bottom-to-top counter-color-custom icon-color- text-color-custom counter-top\" >\n\t\t\t\t\t<div class=\"counter-container\">\n\t\t\t\t\t\t\t\t\t<div class=\"h1\" data-count=\"100\" data-speed=\"1500\">0<\/div>\n\t\t\t\t\t\t\t\t\t\t\t\t\t<h4>Reducci\u00f3n de las arrugas y de las l\u00edneas de expresi\u00f3n.<\/h4>\n\t\t\t\t\t\t\t<\/div>\n\t\t\t\t\t\t\t\t\t\t<figure>\t\t\t\t\t<span class=\"\"><\/span>\n\t\t\t\t\t\t\t\t\t<\/figure>\n\t\t\t\t\t\t\t\n\t<\/div>\n\t[\/vc_column_inner][\/vc_row_inner][vc_row_inner][vc_column_inner]\n\t<div id=\"et-counter-69f4b269064d9\" class=\"et-counter animation bottom-to-top counter-color-custom icon-color- text-color-custom counter-top\" >\n\t\t\t\t\t<div class=\"counter-container\">\n\t\t\t\t\t\t\t\t\t<div class=\"h1\" data-count=\"100\" data-speed=\"1500\">0<\/div>\n\t\t\t\t\t\t\t\t\t\t\t\t\t<h4>Hidrataci\u00f3n duradera<\/h4>\n\t\t\t\t\t\t\t<\/div>\n\t\t\t\t\t\t\t\t\t\t<figure>\t\t\t\t\t<span class=\"\"><\/span>\n\t\t\t\t\t\t\t\t\t<\/figure>\n\t\t\t\t\t\t\t\n\t<\/div>\n\t[\/vc_column_inner][\/vc_row_inner][vc_row_inner][vc_column_inner]\n\t<div id=\"et-counter-69f4b269064ef\" class=\"et-counter animation bottom-to-top counter-color-custom icon-color- text-color-custom counter-top\" >\n\t\t\t\t\t<div class=\"counter-container\">\n\t\t\t\t\t\t\t\t\t<div class=\"h1\" data-count=\"100\" data-speed=\"1500\">0<\/div>\n\t\t\t\t\t\t\t\t\t\t\t\t\t<h4>calma la piel<\/h4>\n\t\t\t\t\t\t\t<\/div>\n\t\t\t\t\t\t\t\t\t\t<figure>\t\t\t\t\t<span class=\"\"><\/span>\n\t\t\t\t\t\t\t\t\t<\/figure>\n\t\t\t\t\t\t\t\n\t<\/div>\n\t[\/vc_column_inner][\/vc_row_inner]\t<\/div>\n\t\t\n\t[\/vc_column][\/vc_row][vc_row el_class=\u201dspacing-lg application\u201d][vc_column][vc_row_inner][vc_column_inner][vc_column_text animation=\u201danimation bottom-to-top\u201d css=\u201d.vc_custom_1646315511968{margin-bottom: 0px !important;}\u201d]\n<h2 style=\"text-align: center;\"><strong>C\u00d3MO UTILIZARLO\u00a0\u00a0 <\/strong><\/h2>\n[\/vc_column_text][\/vc_column_inner][\/vc_row_inner]\t<div id=\"et-content-carousel-540\" class=\"row et-content-carousel slick slick-slider regular-padding  \" data-center=\"\" data-columns=\"3\" data-autoplay=\"\" data-fade=\"false\" data-autoplay-speed=\"\" data-pause=\"\" data-navigation=\"\" data-pagination=\"true\" data-infinite=\"true\">\n\t\t\r\n\t<div id=\"et-iconbox-656\" class=\"et-iconbox layout-centered icon-style-image-default bottom-spacing-none icon-color- text-color- animation bottom-to-top \"> \r\n\t\t<div class=\"et-icon-inner\">\r\n\t\t\t<figure class=\"et-feature-icon\">\r\n\t\t\t\t\t\t\t\t\t<img decoding=\"async\" src=\"https:\/\/www.christian-breton.fr\/wp-content\/uploads\/2021\/12\/1-10.jpg\" alt=\"\" \/>\r\n\t\t\t\t\t\t\t<\/figure>\r\n\t\t\t<div class=\"et-feature-content\"> \r\n\t\t\t\t\t\t\t\t\t\t\t\t<div class=\"wpb_text_column\"><h4 style=\"text-align: center;\">Paso 1<\/h4>\n<p style=\"text-align: center;\">Aplicar el Suero \u00daltimo en todo el rostro<\/p>\n<\/div>\r\n\t\t\t\t\t\t\t<\/div>\r\n\t\t<\/div>\r\n\t<\/div>\r\n\r\n\t\r\n\t<div id=\"et-iconbox-643\" class=\"et-iconbox layout-centered icon-style-image-default bottom-spacing-none icon-color- text-color- animation bottom-to-top \"> \r\n\t\t<div class=\"et-icon-inner\">\r\n\t\t\t<figure class=\"et-feature-icon\">\r\n\t\t\t\t\t\t\t\t\t<img decoding=\"async\" src=\"https:\/\/www.christian-breton.fr\/wp-content\/uploads\/2021\/12\/2-13.jpg\" alt=\"\" \/>\r\n\t\t\t\t\t\t\t<\/figure>\r\n\t\t\t<div class=\"et-feature-content\"> \r\n\t\t\t\t\t\t\t\t\t\t\t\t<div class=\"wpb_text_column\"><h4 style=\"text-align: center;\">Paso 2<\/h4>\n<p style=\"text-align: center;\">Por la ma\u00f1ana, aplicar la Crema de D\u00eda \u00daltima por todo el rostro.<\/p>\n<\/div>\r\n\t\t\t\t\t\t\t<\/div>\r\n\t\t<\/div>\r\n\t<\/div>\r\n\r\n\t\r\n\t<div id=\"et-iconbox-705\" class=\"et-iconbox layout-centered icon-style-image-default bottom-spacing-none icon-color- text-color- animation bottom-to-top \"> \r\n\t\t<div class=\"et-icon-inner\">\r\n\t\t\t<figure class=\"et-feature-icon\">\r\n\t\t\t\t\t\t\t\t\t<img decoding=\"async\" src=\"https:\/\/www.christian-breton.fr\/wp-content\/uploads\/2021\/12\/3-9.jpg\" alt=\"\" \/>\r\n\t\t\t\t\t\t\t<\/figure>\r\n\t\t\t<div class=\"et-feature-content\"> \r\n\t\t\t\t\t\t\t\t\t\t\t\t<div class=\"wpb_text_column\"><h4 style=\"text-align: center;\">Paso 3<\/h4>\n<p style=\"text-align: center;\">Por la noche, aplicar la Crema \u00daltima de noche en todo el rostro.<\/p>\n<\/div>\r\n\t\t\t\t\t\t\t<\/div>\r\n\t\t<\/div>\r\n\t<\/div>\r\n\r\n\t\t<\/div>\n\t\t\n\t[\/vc_column][\/vc_row]\n","protected":false},"excerpt":{"rendered":"<p>Este tratamiento de textura envolvente hidrata y devuelve la luminosidad a la piel. La combinaci\u00f3n de Aceite Natural y Extractos de Frutas proporciona una sensaci\u00f3n de absoluto confort.<br \/>\n94,93% ingredientes de origen natural<\/p>\n<p>\u2713 Dermatol\u00f3gicamente testado<\/p>\n<p>Ref. [wcj_product_sku] \u00b7 50ml<\/p>\n","protected":false},"featured_media":27880,"comment_status":"open","ping_status":"closed","template":"","meta":[],"product_brand":[],"product_cat":[1391,1200,1204,1536,1205,1390,1511],"product_tag":[],"class_list":{"0":"post-33536","1":"product","2":"type-product","3":"status-publish","4":"has-post-thumbnail","6":"product_cat-arrugas-cara","7":"product_cat-cara","8":"product_cat-cremas-y-balsamos-cara","9":"product_cat-glow-cara","10":"product_cat-hidratacion-cara","11":"product_cat-lift-firmeza","12":"product_cat-luxury-es","14":"first","15":"instock","16":"shipping-taxable","17":"purchasable","18":"product-type-simple"},"yoast_head":"<!-- This site is optimized with the Yoast SEO plugin v27.5 - https:\/\/yoast.com\/product\/yoast-seo-wordpress\/ -->\n<title>The Ultimate Regenerating Day Cream - CHRISTIAN BRETON<\/title>\n<meta name=\"description\" content=\"Gracias a su nueva f\u00f3rmula enriquecida con el complejo de Granada, este cuidado de d\u00eda estimula la producci\u00f3n de col\u00e1geno y de elastina,\" \/>\n<meta name=\"robots\" content=\"index, follow, max-snippet:-1, max-image-preview:large, max-video-preview:-1\" \/>\n<link rel=\"canonical\" href=\"https:\/\/www.christian-breton.fr\/es\/produit\/the-ultimate-regenerating-day-cream\/\" \/>\n<meta property=\"og:locale\" content=\"es_ES\" \/>\n<meta property=\"og:type\" content=\"article\" \/>\n<meta property=\"og:title\" content=\"The Ultimate Regenerating Day Cream - CHRISTIAN BRETON\" \/>\n<meta property=\"og:description\" content=\"Gracias a su nueva f\u00f3rmula enriquecida con el complejo de Granada, este cuidado de d\u00eda estimula la producci\u00f3n de col\u00e1geno y de elastina,\" \/>\n<meta property=\"og:url\" content=\"https:\/\/www.christian-breton.fr\/es\/produit\/the-ultimate-regenerating-day-cream\/\" \/>\n<meta property=\"og:site_name\" content=\"CHRISTIAN BRETON\" \/>\n<meta property=\"article:publisher\" content=\"https:\/\/www.facebook.com\/christianbretonfrance\" \/>\n<meta property=\"article:modified_time\" content=\"2024-06-03T09:32:59+00:00\" \/>\n<meta property=\"og:image\" content=\"https:\/\/www.christian-breton.fr\/wp-content\/uploads\/2021\/12\/1301.jpg\" \/>\n\t<meta property=\"og:image:width\" content=\"700\" \/>\n\t<meta property=\"og:image:height\" content=\"738\" \/>\n\t<meta property=\"og:image:type\" content=\"image\/jpeg\" \/>\n<meta name=\"twitter:card\" content=\"summary_large_image\" \/>\n<meta name=\"twitter:label1\" content=\"Tiempo de lectura\" \/>\n\t<meta name=\"twitter:data1\" content=\"2 minutos\" \/>\n<script type=\"application\/ld+json\" class=\"yoast-schema-graph\">{\"@context\":\"https:\\\/\\\/schema.org\",\"@graph\":[{\"@type\":\"WebPage\",\"@id\":\"https:\\\/\\\/www.christian-breton.fr\\\/es\\\/produit\\\/the-ultimate-regenerating-day-cream\\\/\",\"url\":\"https:\\\/\\\/www.christian-breton.fr\\\/es\\\/produit\\\/the-ultimate-regenerating-day-cream\\\/\",\"name\":\"The Ultimate Regenerating Day Cream - CHRISTIAN BRETON\",\"isPartOf\":{\"@id\":\"https:\\\/\\\/www.christian-breton.fr\\\/es\\\/#website\"},\"primaryImageOfPage\":{\"@id\":\"https:\\\/\\\/www.christian-breton.fr\\\/es\\\/produit\\\/the-ultimate-regenerating-day-cream\\\/#primaryimage\"},\"image\":{\"@id\":\"https:\\\/\\\/www.christian-breton.fr\\\/es\\\/produit\\\/the-ultimate-regenerating-day-cream\\\/#primaryimage\"},\"thumbnailUrl\":\"https:\\\/\\\/www.christian-breton.fr\\\/wp-content\\\/uploads\\\/2021\\\/12\\\/1301.jpg\",\"datePublished\":\"2021-12-13T15:28:26+00:00\",\"dateModified\":\"2024-06-03T09:32:59+00:00\",\"description\":\"Gracias a su nueva f\u00f3rmula enriquecida con el complejo de Granada, este cuidado de d\u00eda estimula la producci\u00f3n de col\u00e1geno y de elastina,\",\"breadcrumb\":{\"@id\":\"https:\\\/\\\/www.christian-breton.fr\\\/es\\\/produit\\\/the-ultimate-regenerating-day-cream\\\/#breadcrumb\"},\"inLanguage\":\"es\",\"potentialAction\":[{\"@type\":\"ReadAction\",\"target\":[\"https:\\\/\\\/www.christian-breton.fr\\\/es\\\/produit\\\/the-ultimate-regenerating-day-cream\\\/\"]}]},{\"@type\":\"ImageObject\",\"inLanguage\":\"es\",\"@id\":\"https:\\\/\\\/www.christian-breton.fr\\\/es\\\/produit\\\/the-ultimate-regenerating-day-cream\\\/#primaryimage\",\"url\":\"https:\\\/\\\/www.christian-breton.fr\\\/wp-content\\\/uploads\\\/2021\\\/12\\\/1301.jpg\",\"contentUrl\":\"https:\\\/\\\/www.christian-breton.fr\\\/wp-content\\\/uploads\\\/2021\\\/12\\\/1301.jpg\",\"width\":700,\"height\":738,\"caption\":\"L'ultime soin de jour - Christian Breton\"},{\"@type\":\"BreadcrumbList\",\"@id\":\"https:\\\/\\\/www.christian-breton.fr\\\/es\\\/produit\\\/the-ultimate-regenerating-day-cream\\\/#breadcrumb\",\"itemListElement\":[{\"@type\":\"ListItem\",\"position\":1,\"name\":\"Accueil\",\"item\":\"https:\\\/\\\/www.christian-breton.fr\\\/es\\\/\"},{\"@type\":\"ListItem\",\"position\":2,\"name\":\"Tienda\",\"item\":\"https:\\\/\\\/www.christian-breton.fr\\\/es\\\/tienda\\\/\"},{\"@type\":\"ListItem\",\"position\":3,\"name\":\"The Ultimate Regenerating Day Cream\"}]},{\"@type\":\"WebSite\",\"@id\":\"https:\\\/\\\/www.christian-breton.fr\\\/es\\\/#website\",\"url\":\"https:\\\/\\\/www.christian-breton.fr\\\/es\\\/\",\"name\":\"CHRISTIAN BRETON\",\"description\":\"L&#039;Expert du Contour des Yeux\",\"publisher\":{\"@id\":\"https:\\\/\\\/www.christian-breton.fr\\\/es\\\/#organization\"},\"potentialAction\":[{\"@type\":\"SearchAction\",\"target\":{\"@type\":\"EntryPoint\",\"urlTemplate\":\"https:\\\/\\\/www.christian-breton.fr\\\/es\\\/?s={search_term_string}\"},\"query-input\":{\"@type\":\"PropertyValueSpecification\",\"valueRequired\":true,\"valueName\":\"search_term_string\"}}],\"inLanguage\":\"es\"},{\"@type\":\"Organization\",\"@id\":\"https:\\\/\\\/www.christian-breton.fr\\\/es\\\/#organization\",\"name\":\"CHRISTIAN BRETON\",\"url\":\"https:\\\/\\\/www.christian-breton.fr\\\/es\\\/\",\"logo\":{\"@type\":\"ImageObject\",\"inLanguage\":\"es\",\"@id\":\"https:\\\/\\\/www.christian-breton.fr\\\/es\\\/#\\\/schema\\\/logo\\\/image\\\/\",\"url\":\"https:\\\/\\\/www.christian-breton.fr\\\/wp-content\\\/uploads\\\/2022\\\/05\\\/Christian-Breton-Logo-fond-noir-scaled.jpg\",\"contentUrl\":\"https:\\\/\\\/www.christian-breton.fr\\\/wp-content\\\/uploads\\\/2022\\\/05\\\/Christian-Breton-Logo-fond-noir-scaled.jpg\",\"width\":2560,\"height\":2560,\"caption\":\"CHRISTIAN BRETON\"},\"image\":{\"@id\":\"https:\\\/\\\/www.christian-breton.fr\\\/es\\\/#\\\/schema\\\/logo\\\/image\\\/\"},\"sameAs\":[\"https:\\\/\\\/www.facebook.com\\\/christianbretonfrance\",\"https:\\\/\\\/www.instagram.com\\\/christianbreton_paris\\\/\"]}]}<\/script>\n<!-- \/ Yoast SEO plugin. -->","yoast_head_json":{"title":"The Ultimate Regenerating Day Cream - CHRISTIAN BRETON","description":"Gracias a su nueva f\u00f3rmula enriquecida con el complejo de Granada, este cuidado de d\u00eda estimula la producci\u00f3n de col\u00e1geno y de elastina,","robots":{"index":"index","follow":"follow","max-snippet":"max-snippet:-1","max-image-preview":"max-image-preview:large","max-video-preview":"max-video-preview:-1"},"canonical":"https:\/\/www.christian-breton.fr\/es\/produit\/the-ultimate-regenerating-day-cream\/","og_locale":"es_ES","og_type":"article","og_title":"The Ultimate Regenerating Day Cream - CHRISTIAN BRETON","og_description":"Gracias a su nueva f\u00f3rmula enriquecida con el complejo de Granada, este cuidado de d\u00eda estimula la producci\u00f3n de col\u00e1geno y de elastina,","og_url":"https:\/\/www.christian-breton.fr\/es\/produit\/the-ultimate-regenerating-day-cream\/","og_site_name":"CHRISTIAN BRETON","article_publisher":"https:\/\/www.facebook.com\/christianbretonfrance","article_modified_time":"2024-06-03T09:32:59+00:00","og_image":[{"width":700,"height":738,"url":"https:\/\/www.christian-breton.fr\/wp-content\/uploads\/2021\/12\/1301.jpg","type":"image\/jpeg"}],"twitter_card":"summary_large_image","twitter_misc":{"Tiempo de lectura":"2 minutos"},"schema":{"@context":"https:\/\/schema.org","@graph":[{"@type":"WebPage","@id":"https:\/\/www.christian-breton.fr\/es\/produit\/the-ultimate-regenerating-day-cream\/","url":"https:\/\/www.christian-breton.fr\/es\/produit\/the-ultimate-regenerating-day-cream\/","name":"The Ultimate Regenerating Day Cream - CHRISTIAN BRETON","isPartOf":{"@id":"https:\/\/www.christian-breton.fr\/es\/#website"},"primaryImageOfPage":{"@id":"https:\/\/www.christian-breton.fr\/es\/produit\/the-ultimate-regenerating-day-cream\/#primaryimage"},"image":{"@id":"https:\/\/www.christian-breton.fr\/es\/produit\/the-ultimate-regenerating-day-cream\/#primaryimage"},"thumbnailUrl":"https:\/\/www.christian-breton.fr\/wp-content\/uploads\/2021\/12\/1301.jpg","datePublished":"2021-12-13T15:28:26+00:00","dateModified":"2024-06-03T09:32:59+00:00","description":"Gracias a su nueva f\u00f3rmula enriquecida con el complejo de Granada, este cuidado de d\u00eda estimula la producci\u00f3n de col\u00e1geno y de elastina,","breadcrumb":{"@id":"https:\/\/www.christian-breton.fr\/es\/produit\/the-ultimate-regenerating-day-cream\/#breadcrumb"},"inLanguage":"es","potentialAction":[{"@type":"ReadAction","target":["https:\/\/www.christian-breton.fr\/es\/produit\/the-ultimate-regenerating-day-cream\/"]}]},{"@type":"ImageObject","inLanguage":"es","@id":"https:\/\/www.christian-breton.fr\/es\/produit\/the-ultimate-regenerating-day-cream\/#primaryimage","url":"https:\/\/www.christian-breton.fr\/wp-content\/uploads\/2021\/12\/1301.jpg","contentUrl":"https:\/\/www.christian-breton.fr\/wp-content\/uploads\/2021\/12\/1301.jpg","width":700,"height":738,"caption":"L'ultime soin de jour - Christian Breton"},{"@type":"BreadcrumbList","@id":"https:\/\/www.christian-breton.fr\/es\/produit\/the-ultimate-regenerating-day-cream\/#breadcrumb","itemListElement":[{"@type":"ListItem","position":1,"name":"Accueil","item":"https:\/\/www.christian-breton.fr\/es\/"},{"@type":"ListItem","position":2,"name":"Tienda","item":"https:\/\/www.christian-breton.fr\/es\/tienda\/"},{"@type":"ListItem","position":3,"name":"The Ultimate Regenerating Day Cream"}]},{"@type":"WebSite","@id":"https:\/\/www.christian-breton.fr\/es\/#website","url":"https:\/\/www.christian-breton.fr\/es\/","name":"CHRISTIAN BRETON","description":"L&#039;Expert du Contour des Yeux","publisher":{"@id":"https:\/\/www.christian-breton.fr\/es\/#organization"},"potentialAction":[{"@type":"SearchAction","target":{"@type":"EntryPoint","urlTemplate":"https:\/\/www.christian-breton.fr\/es\/?s={search_term_string}"},"query-input":{"@type":"PropertyValueSpecification","valueRequired":true,"valueName":"search_term_string"}}],"inLanguage":"es"},{"@type":"Organization","@id":"https:\/\/www.christian-breton.fr\/es\/#organization","name":"CHRISTIAN BRETON","url":"https:\/\/www.christian-breton.fr\/es\/","logo":{"@type":"ImageObject","inLanguage":"es","@id":"https:\/\/www.christian-breton.fr\/es\/#\/schema\/logo\/image\/","url":"https:\/\/www.christian-breton.fr\/wp-content\/uploads\/2022\/05\/Christian-Breton-Logo-fond-noir-scaled.jpg","contentUrl":"https:\/\/www.christian-breton.fr\/wp-content\/uploads\/2022\/05\/Christian-Breton-Logo-fond-noir-scaled.jpg","width":2560,"height":2560,"caption":"CHRISTIAN BRETON"},"image":{"@id":"https:\/\/www.christian-breton.fr\/es\/#\/schema\/logo\/image\/"},"sameAs":["https:\/\/www.facebook.com\/christianbretonfrance","https:\/\/www.instagram.com\/christianbreton_paris\/"]}]}},"_links":{"self":[{"href":"https:\/\/www.christian-breton.fr\/es\/wp-json\/wp\/v2\/product\/33536","targetHints":{"allow":["GET"]}}],"collection":[{"href":"https:\/\/www.christian-breton.fr\/es\/wp-json\/wp\/v2\/product"}],"about":[{"href":"https:\/\/www.christian-breton.fr\/es\/wp-json\/wp\/v2\/types\/product"}],"replies":[{"embeddable":true,"href":"https:\/\/www.christian-breton.fr\/es\/wp-json\/wp\/v2\/comments?post=33536"}],"wp:featuredmedia":[{"embeddable":true,"href":"https:\/\/www.christian-breton.fr\/es\/wp-json\/wp\/v2\/media\/27880"}],"wp:attachment":[{"href":"https:\/\/www.christian-breton.fr\/es\/wp-json\/wp\/v2\/media?parent=33536"}],"wp:term":[{"taxonomy":"product_brand","embeddable":true,"href":"https:\/\/www.christian-breton.fr\/es\/wp-json\/wp\/v2\/product_brand?post=33536"},{"taxonomy":"product_cat","embeddable":true,"href":"https:\/\/www.christian-breton.fr\/es\/wp-json\/wp\/v2\/product_cat?post=33536"},{"taxonomy":"product_tag","embeddable":true,"href":"https:\/\/www.christian-breton.fr\/es\/wp-json\/wp\/v2\/product_tag?post=33536"}],"curies":[{"name":"wp","href":"https:\/\/api.w.org\/{rel}","templated":true}]}}